{"id":1629,"date":"2022-04-04T14:36:04","date_gmt":"2022-04-04T14:36:04","guid":{"rendered":"https:\/\/www.universitebiencommun.org\/?page_id=1629"},"modified":"2023-08-14T15:30:40","modified_gmt":"2023-08-14T15:30:40","slug":"un-auteur-un-livre","status":"publish","type":"page","link":"https:\/\/www.universitebiencommun.org\/?page_id=1629","title":{"rendered":"UN AUTEUR UN LIVRE"},"content":{"rendered":"\t\t<div data-elementor-type=\"wp-page\" data-elementor-id=\"1629\" class=\"elementor elementor-1629\" data-elementor-settings=\"[]\">\n\t\t\t\t\t\t<div class=\"elementor-inner\">\n\t\t\t\t\t\t\t<div class=\"elementor-section-wrap\">\n\t\t\t\t\t\t\t<section class=\"elementor-section elementor-top-section elementor-element elementor-element-feb3a5c elementor-section-boxed elementor-section-height-default elementor-section-height-default\" data-id=\"feb3a5c\" data-element_type=\"section\">\n\t\t\t\t\t\t<div class=\"elementor-container elementor-column-gap-default\">\n\t\t\t\t\t\t\t<div class=\"elementor-row\">\n\t\t\t\t\t<div class=\"elementor-column elementor-col-100 elementor-top-column elementor-element elementor-element-dcb3b13\" data-id=\"dcb3b13\" data-element_type=\"column\">\n\t\t\t<div class=\"elementor-column-wrap elementor-element-populated\">\n\t\t\t\t\t\t\t<div class=\"elementor-widget-wrap\">\n\t\t\t\t\t\t<div class=\"elementor-element elementor-element-43d11ff elementor-widget elementor-widget-spacer\" data-id=\"43d11ff\" data-element_type=\"widget\" data-widget_type=\"spacer.default\">\n\t\t\t\t<div class=\"elementor-widget-container\">\n\t\t\t\t\t<div class=\"elementor-spacer\">\n\t\t\t<div class=\"elementor-spacer-inner\"><\/div>\n\t\t<\/div>\n\t\t\t\t<\/div>\n\t\t\t\t<\/div>\n\t\t\t\t<div class=\"elementor-element elementor-element-423557b elementor-widget elementor-widget-text-editor\" data-id=\"423557b\" data-element_type=\"widget\" data-widget_type=\"text-editor.default\">\n\t\t\t\t<div class=\"elementor-widget-container\">\n\t\t\t\t\t\t\t\t<div class=\"elementor-text-editor elementor-clearfix\">\n\t\t\t\t<p><strong>Lundi 28 mars 2022<\/strong><\/p>\t\t\t\t\t<\/div>\n\t\t\t\t\t\t<\/div>\n\t\t\t\t<\/div>\n\t\t\t\t<div class=\"elementor-element elementor-element-ee33c03 elementor-widget elementor-widget-text-editor\" data-id=\"ee33c03\" data-element_type=\"widget\" data-widget_type=\"text-editor.default\">\n\t\t\t\t<div class=\"elementor-widget-container\">\n\t\t\t\t\t\t\t\t<div class=\"elementor-text-editor elementor-clearfix\">\n\t\t\t\t<p><strong>Jean Foucambert a <\/strong>parl\u00e9 de l\u2019ouvrage <strong><em>L\u2019\u00e9ducation un bien commun \u00bb <\/em><\/strong><strong>de Raymond Millot ; <\/strong><em>Rencontre anim\u00e9e par\u00a0<\/em><strong><em>Jean-Pascal Derumier,\u00a0<\/em><\/strong><em>membre du comit\u00e9 de pilotage de l\u2019Universit\u00e9.<\/em><\/p><p><img loading=\"lazy\" class=\"alignnone  wp-image-2007\" src=\"http:\/\/www.universitebiencommun.org\/wp-content\/uploads\/2022\/10\/education-millot.jpg\" alt=\"\" width=\"90\" height=\"151\" \/><\/p>\t\t\t\t\t<\/div>\n\t\t\t\t\t\t<\/div>\n\t\t\t\t<\/div>\n\t\t\t\t\t\t<\/div>\n\t\t\t\t\t<\/div>\n\t\t<\/div>\n\t\t\t\t\t\t\t\t<\/div>\n\t\t\t\t\t<\/div>\n\t\t<\/section>\n\t\t\t\t<section class=\"elementor-section elementor-top-section elementor-element elementor-element-d895a77 elementor-section-boxed elementor-section-height-default elementor-section-height-default\" data-id=\"d895a77\" data-element_type=\"section\">\n\t\t\t\t\t\t<div class=\"elementor-container elementor-column-gap-default\">\n\t\t\t\t\t\t\t<div class=\"elementor-row\">\n\t\t\t\t\t<div class=\"elementor-column elementor-col-100 elementor-top-column elementor-element elementor-element-c1a19eb\" data-id=\"c1a19eb\" data-element_type=\"column\">\n\t\t\t<div class=\"elementor-column-wrap elementor-element-populated\">\n\t\t\t\t\t\t\t<div class=\"elementor-widget-wrap\">\n\t\t\t\t\t\t<div class=\"elementor-element elementor-element-fdfbe44 elementor-widget elementor-widget-heading\" data-id=\"fdfbe44\" data-element_type=\"widget\" data-widget_type=\"heading.default\">\n\t\t\t\t<div class=\"elementor-widget-container\">\n\t\t\t<h2 class=\"elementor-heading-title elementor-size-default\">Lundi 20 juin 2022 <\/h2>\t\t<\/div>\n\t\t\t\t<\/div>\n\t\t\t\t\t\t<\/div>\n\t\t\t\t\t<\/div>\n\t\t<\/div>\n\t\t\t\t\t\t\t\t<\/div>\n\t\t\t\t\t<\/div>\n\t\t<\/section>\n\t\t\t\t<section class=\"elementor-section elementor-top-section elementor-element elementor-element-9d15416 elementor-section-boxed elementor-section-height-default elementor-section-height-default\" data-id=\"9d15416\" data-element_type=\"section\">\n\t\t\t\t\t\t<div class=\"elementor-container elementor-column-gap-default\">\n\t\t\t\t\t\t\t<div class=\"elementor-row\">\n\t\t\t\t\t<div class=\"elementor-column elementor-col-100 elementor-top-column elementor-element elementor-element-3804968\" data-id=\"3804968\" data-element_type=\"column\">\n\t\t\t<div class=\"elementor-column-wrap elementor-element-populated\">\n\t\t\t\t\t\t\t<div class=\"elementor-widget-wrap\">\n\t\t\t\t\t\t<div class=\"elementor-element elementor-element-439d576 elementor-widget elementor-widget-text-editor\" data-id=\"439d576\" data-element_type=\"widget\" data-widget_type=\"text-editor.default\">\n\t\t\t\t<div class=\"elementor-widget-container\">\n\t\t\t\t\t\t\t\t<div class=\"elementor-text-editor elementor-clearfix\">\n\t\t\t\t<p><strong>Jean-Beno\u00eet ZIMMERMANN<\/strong> a pr\u00e9sent\u00e9 son ouvrage <strong><em>Les Communs (Des jardins partag\u00e9s \u00e0 Wikip\u00e9dia)\u00a0 <\/em><\/strong><strong><em>Editions Libre &amp; S<\/em><\/strong><strong><em>olidaire \u2013 Juin 2021<\/em><\/strong><em>. <\/em>L\u2019ouvrage est disponible sur le lien\u00a0: <a href=\"https:\/\/libre-solidaire.fr\/epages\/e02491b5-ce3a-4c00-b187-dc9ff39194fc.sf\/fr_FR\/?ObjectPath=\/Shops\/e02491b5-ce3a-4c00-b187-dc9ff39194fc\/Products\/105\" target=\"_blank\" rel=\"noopener\">https:\/\/libre-solidaire.fr\/epages\/e02491b5-ce3a-4c00-b187-dc9ff39194fc.sf\/fr_FR\/?Obje<\/a><a href=\"https:\/\/libre-solidaire.fr\/epages\/e02491b5-ce3a-4c00-b187-dc9ff39194fc.sf\/fr_FR\/?ObjectPath=\/Shops\/e02491b5-ce3a-4c00-b187-dc9ff39194fc\/Products\/105\">ctPath=\/Shops\/<\/a><a href=\"https:\/\/libre-solidaire.fr\/epages\/e02491b5-ce3a-4c00-b187-dc9ff39194fc.sf\/fr_FR\/?ObjectPath=\/Shops\/e02491b5-ce3a-4c00-b187-dc9ff39194fc\/Products\/105\">e02491b5-ce3a-4<\/a><a href=\"https:\/\/libre-solidaire.fr\/epages\/e02491b5-ce3a-4c00-b187-dc9ff39194fc.sf\/fr_FR\/?ObjectPath=\/Shops\/e02491b5-ce3a-4c00-b187-dc9ff39194fc\/Products\/105\">c00-b187-dc9ff3<\/a><a href=\"https:\/\/libre-solidaire.fr\/epages\/e02491b5-ce3a-4c00-b187-dc9ff39194fc.sf\/fr_FR\/?ObjectPath=\/Shops\/e02491b5-ce3a-4c00-b187-dc9ff39194fc\/Products\/105\">9194fc\/Products<\/a><a href=\"https:\/\/libre-solidaire.fr\/epages\/e02491b5-ce3a-4c00-b187-dc9ff39194fc.sf\/fr_FR\/?ObjectPath=\/Shops\/e02491b5-ce3a-4c00-b187-dc9ff39194fc\/Products\/105\">\/105<\/a><\/p><p><img loading=\"lazy\" class=\"alignnone wp-image-1990\" src=\"http:\/\/www.universitebiencommun.org\/wp-content\/uploads\/2022\/10\/Les-communs-186x300.jpg\" alt=\"\" width=\"110\" height=\"177\" srcset=\"https:\/\/www.universitebiencommun.org\/wp-content\/uploads\/2022\/10\/Les-communs-186x300.jpg 186w, https:\/\/www.universitebiencommun.org\/wp-content\/uploads\/2022\/10\/Les-communs.jpg 495w\" sizes=\"(max-width: 110px) 100vw, 110px\" \/><\/p>\t\t\t\t\t<\/div>\n\t\t\t\t\t\t<\/div>\n\t\t\t\t<\/div>\n\t\t\t\t\t\t<\/div>\n\t\t\t\t\t<\/div>\n\t\t<\/div>\n\t\t\t\t\t\t\t\t<\/div>\n\t\t\t\t\t<\/div>\n\t\t<\/section>\n\t\t\t\t<section class=\"elementor-section elementor-top-section elementor-element elementor-element-aecd7c9 elementor-section-boxed elementor-section-height-default elementor-section-height-default\" data-id=\"aecd7c9\" data-element_type=\"section\">\n\t\t\t\t\t\t<div class=\"elementor-container elementor-column-gap-default\">\n\t\t\t\t\t\t\t<div class=\"elementor-row\">\n\t\t\t\t\t<div class=\"elementor-column elementor-col-100 elementor-top-column elementor-element elementor-element-6214855\" data-id=\"6214855\" data-element_type=\"column\">\n\t\t\t<div class=\"elementor-column-wrap elementor-element-populated\">\n\t\t\t\t\t\t\t<div class=\"elementor-widget-wrap\">\n\t\t\t\t\t\t<div class=\"elementor-element elementor-element-909a2bd elementor-widget elementor-widget-heading\" data-id=\"909a2bd\" data-element_type=\"widget\" data-widget_type=\"heading.default\">\n\t\t\t\t<div class=\"elementor-widget-container\">\n\t\t\t<h2 class=\"elementor-heading-title elementor-size-default\">Lundi 28 mars 2022<\/h2>\t\t<\/div>\n\t\t\t\t<\/div>\n\t\t\t\t<div class=\"elementor-element elementor-element-24e2887 elementor-widget elementor-widget-text-editor\" data-id=\"24e2887\" data-element_type=\"widget\" data-widget_type=\"text-editor.default\">\n\t\t\t\t<div class=\"elementor-widget-container\">\n\t\t\t\t\t\t\t\t<div class=\"elementor-text-editor elementor-clearfix\">\n\t\t\t\t<p><strong>Camille de Toledo<\/strong> a parl\u00e9 de son ouvrage <strong>Le fleuve qui voulait \u00e9crire,<\/strong><br \/><strong>Les auditions du parlement de Loire <\/strong>(\u00e9ditions les Liens qui Lib\u00e8rent, 2021). Rencontre initi\u00e9e et mod\u00e9r\u00e9e par Claire Dehove\/ WOS agence des hypoth\u00e8ses, Ambassadrice de la M\u00e9taNation et membre du comit\u00e9 de pilotage de l\u2019UBC.Paris;<\/p><p>L&rsquo;ouvrage est disponible sur le lien suivant :\u00a0 <a href=\"http:\/\/www.editionslesliensquiliberent.fr\/livre-Le_fleuve_qui_voulait_%C3%A9crire-661-1-1-0-1.html\" target=\"_blank\" rel=\"noopener\">http:\/\/www.editionslesliensquiliberent.fr\/livre-Le_fleuve_qui_voulait_%C3%A9crire-661-1-1-0-1.html<\/a><\/p><p><img loading=\"lazy\" class=\"alignnone wp-image-1989\" src=\"http:\/\/www.universitebiencommun.org\/wp-content\/uploads\/2022\/10\/le-fleuve-qui-voulait-ecrire-212x300.jpg\" alt=\"\" width=\"116\" height=\"164\" srcset=\"https:\/\/www.universitebiencommun.org\/wp-content\/uploads\/2022\/10\/le-fleuve-qui-voulait-ecrire-212x300.jpg 212w, https:\/\/www.universitebiencommun.org\/wp-content\/uploads\/2022\/10\/le-fleuve-qui-voulait-ecrire.jpg 354w\" sizes=\"(max-width: 116px) 100vw, 116px\" \/><\/p>\t\t\t\t\t<\/div>\n\t\t\t\t\t\t<\/div>\n\t\t\t\t<\/div>\n\t\t\t\t\t\t<\/div>\n\t\t\t\t\t<\/div>\n\t\t<\/div>\n\t\t\t\t\t\t\t\t<\/div>\n\t\t\t\t\t<\/div>\n\t\t<\/section>\n\t\t\t\t<section class=\"elementor-section elementor-top-section elementor-element elementor-element-a9d55ab elementor-section-boxed elementor-section-height-default elementor-section-height-default\" data-id=\"a9d55ab\" data-element_type=\"section\">\n\t\t\t\t\t\t<div class=\"elementor-container elementor-column-gap-default\">\n\t\t\t\t\t\t\t<div class=\"elementor-row\">\n\t\t\t\t\t<div class=\"elementor-column elementor-col-100 elementor-top-column elementor-element elementor-element-26397e1\" data-id=\"26397e1\" data-element_type=\"column\">\n\t\t\t<div class=\"elementor-column-wrap elementor-element-populated\">\n\t\t\t\t\t\t\t<div class=\"elementor-widget-wrap\">\n\t\t\t\t\t\t<div class=\"elementor-element elementor-element-3174dd4 elementor-widget elementor-widget-heading\" data-id=\"3174dd4\" data-element_type=\"widget\" data-widget_type=\"heading.default\">\n\t\t\t\t<div class=\"elementor-widget-container\">\n\t\t\t<h2 class=\"elementor-heading-title elementor-size-medium\">Lundi 31 janvier 2022<\/h2>\t\t<\/div>\n\t\t\t\t<\/div>\n\t\t\t\t\t\t<\/div>\n\t\t\t\t\t<\/div>\n\t\t<\/div>\n\t\t\t\t\t\t\t\t<\/div>\n\t\t\t\t\t<\/div>\n\t\t<\/section>\n\t\t\t\t<section class=\"elementor-section elementor-top-section elementor-element elementor-element-190b394 elementor-section-boxed elementor-section-height-default elementor-section-height-default\" data-id=\"190b394\" data-element_type=\"section\">\n\t\t\t\t\t\t<div class=\"elementor-container elementor-column-gap-default\">\n\t\t\t\t\t\t\t<div class=\"elementor-row\">\n\t\t\t\t\t<div class=\"elementor-column elementor-col-100 elementor-top-column elementor-element elementor-element-78ca2c9\" data-id=\"78ca2c9\" data-element_type=\"column\">\n\t\t\t<div class=\"elementor-column-wrap elementor-element-populated\">\n\t\t\t\t\t\t\t<div class=\"elementor-widget-wrap\">\n\t\t\t\t\t\t<div class=\"elementor-element elementor-element-b6319d9 elementor-widget elementor-widget-text-editor\" data-id=\"b6319d9\" data-element_type=\"widget\" data-widget_type=\"text-editor.default\">\n\t\t\t\t<div class=\"elementor-widget-container\">\n\t\t\t\t\t\t\t\t<div class=\"elementor-text-editor elementor-clearfix\">\n\t\t\t\t<p><strong>Benjamin Coriat <\/strong>a pr\u00e9sent\u00e9 son livre <strong><em>Le bien commun, le climat et le march\u00e9 <\/em><\/strong><em>(<\/em><em>Editions Les Liens qui Lib\u00e8rent, 2021) &#8211;<\/em><strong>Pr\u00e9sentation anim\u00e9e par Corinne Ducrey <\/strong><\/p><p><strong>Ouvrage disponible sur le lien suivant\u00a0: <\/strong><a href=\"http:\/\/www.editionslesliensquiliberent.fr\/livre-Bien_commun,_le_climat_et_le_march%C3%A9_(Le)-9791020910059-1-1-0-1.html\" target=\"_blank\" rel=\"noopener\">http:\/\/www.editionslesliensquiliberent.fr\/livre-Bien_commun,_le_climat_et_le_march%C3%A9_(Le)-9791020910059-1-1-0-1.html<\/a><\/p><p><img loading=\"lazy\" class=\"alignnone  wp-image-1997\" src=\"http:\/\/www.universitebiencommun.org\/wp-content\/uploads\/2022\/10\/le-bien-commun-le-climat-le-marche-300x150.jpg\" alt=\"\" width=\"165\" height=\"83\" srcset=\"https:\/\/www.universitebiencommun.org\/wp-content\/uploads\/2022\/10\/le-bien-commun-le-climat-le-marche-300x150.jpg 300w, https:\/\/www.universitebiencommun.org\/wp-content\/uploads\/2022\/10\/le-bien-commun-le-climat-le-marche-1024x512.jpg 1024w, https:\/\/www.universitebiencommun.org\/wp-content\/uploads\/2022\/10\/le-bien-commun-le-climat-le-marche-768x384.jpg 768w, https:\/\/www.universitebiencommun.org\/wp-content\/uploads\/2022\/10\/le-bien-commun-le-climat-le-marche.jpg 1440w\" sizes=\"(max-width: 165px) 100vw, 165px\" \/><\/p><p>\u00a0<\/p>\t\t\t\t\t<\/div>\n\t\t\t\t\t\t<\/div>\n\t\t\t\t<\/div>\n\t\t\t\t\t\t<\/div>\n\t\t\t\t\t<\/div>\n\t\t<\/div>\n\t\t\t\t\t\t\t\t<\/div>\n\t\t\t\t\t<\/div>\n\t\t<\/section>\n\t\t\t\t<section class=\"elementor-section elementor-top-section elementor-element elementor-element-d991a03 elementor-section-boxed elementor-section-height-default elementor-section-height-default\" data-id=\"d991a03\" data-element_type=\"section\">\n\t\t\t\t\t\t<div class=\"elementor-container elementor-column-gap-default\">\n\t\t\t\t\t\t\t<div class=\"elementor-row\">\n\t\t\t\t\t<div class=\"elementor-column elementor-col-100 elementor-top-column elementor-element elementor-element-7bc9e95\" data-id=\"7bc9e95\" data-element_type=\"column\">\n\t\t\t<div class=\"elementor-column-wrap elementor-element-populated\">\n\t\t\t\t\t\t\t<div class=\"elementor-widget-wrap\">\n\t\t\t\t\t\t<div class=\"elementor-element elementor-element-88448b6 elementor-widget elementor-widget-heading\" data-id=\"88448b6\" data-element_type=\"widget\" data-widget_type=\"heading.default\">\n\t\t\t\t<div class=\"elementor-widget-container\">\n\t\t\t<h2 class=\"elementor-heading-title elementor-size-default\">Lundi 14 mars 2021 <\/h2>\t\t<\/div>\n\t\t\t\t<\/div>\n\t\t\t\t\t\t<\/div>\n\t\t\t\t\t<\/div>\n\t\t<\/div>\n\t\t\t\t\t\t\t\t<\/div>\n\t\t\t\t\t<\/div>\n\t\t<\/section>\n\t\t\t\t<section class=\"elementor-section elementor-top-section elementor-element elementor-element-92e2eea elementor-section-boxed elementor-section-height-default elementor-section-height-default\" data-id=\"92e2eea\" data-element_type=\"section\">\n\t\t\t\t\t\t<div class=\"elementor-container elementor-column-gap-default\">\n\t\t\t\t\t\t\t<div class=\"elementor-row\">\n\t\t\t\t\t<div class=\"elementor-column elementor-col-100 elementor-top-column elementor-element elementor-element-8dde1d8\" data-id=\"8dde1d8\" data-element_type=\"column\">\n\t\t\t<div class=\"elementor-column-wrap elementor-element-populated\">\n\t\t\t\t\t\t\t<div class=\"elementor-widget-wrap\">\n\t\t\t\t\t\t<div class=\"elementor-element elementor-element-afca161 elementor-widget elementor-widget-text-editor\" data-id=\"afca161\" data-element_type=\"widget\" data-widget_type=\"text-editor.default\">\n\t\t\t\t<div class=\"elementor-widget-container\">\n\t\t\t\t\t\t\t\t<div class=\"elementor-text-editor elementor-clearfix\">\n\t\t\t\t<p><strong>Marine Calmet <\/strong>a pr\u00e9sent\u00e9 son ouvrage <strong><em>Devenir Gardiens de la Nature\u00a0 &#8211; <\/em><\/strong><em>R<\/em>encontre anim\u00e9e par <strong>Indira Bonvini, <\/strong>membre du comit\u00e9 de pilotage de l\u2019Universit\u00e9.<\/p><p><strong>Ouvrage disponible sur le lien suivant\u00a0: <\/strong><a href=\"https:\/\/www.lisez.com\/livre-grand-format\/devenir-gardiens-de-la-nature-manifeste-pour-la-defense-du-vivant-des-generations-futures-et-la-reconnaissance-du-crime-decocide-en-droit\/9791030103649\" target=\"_blank\" rel=\"noopener\">https:\/\/www.lisez.com\/livre-grand-format\/devenir-gardiens-de-la-nature-manifeste-pour-la-defense-du-vivant-des-generations-futures-et-la-reconnaissance-du-crime-decocide-en-droit\/9791030103649<\/a><\/p><p><img loading=\"lazy\" class=\"alignnone  wp-image-1998\" src=\"http:\/\/www.universitebiencommun.org\/wp-content\/uploads\/2022\/10\/Devenir-gardiens-de-la-nature-Pour-la-defense-du-vivant-et-des-generations-futures-198x300.jpg\" alt=\"\" width=\"106\" height=\"161\" srcset=\"https:\/\/www.universitebiencommun.org\/wp-content\/uploads\/2022\/10\/Devenir-gardiens-de-la-nature-Pour-la-defense-du-vivant-et-des-generations-futures-198x300.jpg 198w, https:\/\/www.universitebiencommun.org\/wp-content\/uploads\/2022\/10\/Devenir-gardiens-de-la-nature-Pour-la-defense-du-vivant-et-des-generations-futures.jpg 400w\" sizes=\"(max-width: 106px) 100vw, 106px\" \/><\/p>\t\t\t\t\t<\/div>\n\t\t\t\t\t\t<\/div>\n\t\t\t\t<\/div>\n\t\t\t\t\t\t<\/div>\n\t\t\t\t\t<\/div>\n\t\t<\/div>\n\t\t\t\t\t\t\t\t<\/div>\n\t\t\t\t\t<\/div>\n\t\t<\/section>\n\t\t\t\t<section class=\"elementor-section elementor-top-section elementor-element elementor-element-a4987df elementor-section-boxed elementor-section-height-default elementor-section-height-default\" data-id=\"a4987df\" data-element_type=\"section\">\n\t\t\t\t\t\t<div class=\"elementor-container elementor-column-gap-default\">\n\t\t\t\t\t\t\t<div class=\"elementor-row\">\n\t\t\t\t\t<div class=\"elementor-column elementor-col-100 elementor-top-column elementor-element elementor-element-bb7681f\" data-id=\"bb7681f\" data-element_type=\"column\">\n\t\t\t<div class=\"elementor-column-wrap elementor-element-populated\">\n\t\t\t\t\t\t\t<div class=\"elementor-widget-wrap\">\n\t\t\t\t\t\t<div class=\"elementor-element elementor-element-b136c7b elementor-widget elementor-widget-heading\" data-id=\"b136c7b\" data-element_type=\"widget\" data-widget_type=\"heading.default\">\n\t\t\t\t<div class=\"elementor-widget-container\">\n\t\t\t<h2 class=\"elementor-heading-title elementor-size-default\">Lundi 9 novembre 2022<\/h2>\t\t<\/div>\n\t\t\t\t<\/div>\n\t\t\t\t\t\t<\/div>\n\t\t\t\t\t<\/div>\n\t\t<\/div>\n\t\t\t\t\t\t\t\t<\/div>\n\t\t\t\t\t<\/div>\n\t\t<\/section>\n\t\t\t\t<section class=\"elementor-section elementor-top-section elementor-element elementor-element-18c01cf elementor-section-boxed elementor-section-height-default elementor-section-height-default\" data-id=\"18c01cf\" data-element_type=\"section\">\n\t\t\t\t\t\t<div class=\"elementor-container elementor-column-gap-default\">\n\t\t\t\t\t\t\t<div class=\"elementor-row\">\n\t\t\t\t\t<div class=\"elementor-column elementor-col-100 elementor-top-column elementor-element elementor-element-0c32826\" data-id=\"0c32826\" data-element_type=\"column\">\n\t\t\t<div class=\"elementor-column-wrap elementor-element-populated\">\n\t\t\t\t\t\t\t<div class=\"elementor-widget-wrap\">\n\t\t\t\t\t\t<div class=\"elementor-element elementor-element-74a8bf7 elementor-widget elementor-widget-heading\" data-id=\"74a8bf7\" data-element_type=\"widget\" data-widget_type=\"heading.default\">\n\t\t\t\t<div class=\"elementor-widget-container\">\n\t\t\t<h2 class=\"elementor-heading-title elementor-size-default\">Kako Nubupko a pr\u00e9sent\u00e9 son ouvrage Une solution pour l\u2019Afrique : du n\u00e9oprotectionnisme aux biens communs 2022, \u00e9ditions Odile Jabob.\n\nEn partenariat avec le festival Chemin Faisant.<br><br><\/h2>\t\t<\/div>\n\t\t\t\t<\/div>\n\t\t\t\t\t\t<\/div>\n\t\t\t\t\t<\/div>\n\t\t<\/div>\n\t\t\t\t\t\t\t\t<\/div>\n\t\t\t\t\t<\/div>\n\t\t<\/section>\n\t\t\t\t<section class=\"elementor-section elementor-top-section elementor-element elementor-element-2f765bb elementor-section-boxed elementor-section-height-default elementor-section-height-default\" data-id=\"2f765bb\" data-element_type=\"section\">\n\t\t\t\t\t\t<div class=\"elementor-container elementor-column-gap-default\">\n\t\t\t\t\t\t\t<div class=\"elementor-row\">\n\t\t\t\t\t<div class=\"elementor-column elementor-col-100 elementor-top-column elementor-element elementor-element-a429fc5\" data-id=\"a429fc5\" data-element_type=\"column\">\n\t\t\t<div class=\"elementor-column-wrap elementor-element-populated\">\n\t\t\t\t\t\t\t<div class=\"elementor-widget-wrap\">\n\t\t\t\t\t\t<div class=\"elementor-element elementor-element-030136a elementor-widget elementor-widget-image\" data-id=\"030136a\" data-element_type=\"widget\" data-widget_type=\"image.default\">\n\t\t\t\t<div class=\"elementor-widget-container\">\n\t\t\t\t\t\t\t\t<div class=\"elementor-image\">\n\t\t\t\t\t\t\t\t\t\t\t\t<img width=\"198\" height=\"300\" src=\"https:\/\/www.universitebiencommun.org\/wp-content\/uploads\/2023\/01\/livre-Kako-198x300.jpg\" class=\"attachment-medium size-medium\" alt=\"\" loading=\"lazy\" srcset=\"https:\/\/www.universitebiencommun.org\/wp-content\/uploads\/2023\/01\/livre-Kako-198x300.jpg 198w, https:\/\/www.universitebiencommun.org\/wp-content\/uploads\/2023\/01\/livre-Kako-675x1024.jpg 675w, https:\/\/www.universitebiencommun.org\/wp-content\/uploads\/2023\/01\/livre-Kako-768x1165.jpg 768w, https:\/\/www.universitebiencommun.org\/wp-content\/uploads\/2023\/01\/livre-Kako-1013x1536.jpg 1013w, https:\/\/www.universitebiencommun.org\/wp-content\/uploads\/2023\/01\/livre-Kako-1351x2048.jpg 1351w, https:\/\/www.universitebiencommun.org\/wp-content\/uploads\/2023\/01\/livre-Kako.jpg 1400w\" sizes=\"100vw\" \/>\t\t\t\t\t\t\t\t\t\t\t\t\t\t<\/div>\n\t\t\t\t\t\t<\/div>\n\t\t\t\t<\/div>\n\t\t\t\t\t\t<\/div>\n\t\t\t\t\t<\/div>\n\t\t<\/div>\n\t\t\t\t\t\t\t\t<\/div>\n\t\t\t\t\t<\/div>\n\t\t<\/section>\n\t\t\t\t<section class=\"elementor-section elementor-top-section elementor-element elementor-element-effd862 elementor-section-boxed elementor-section-height-default elementor-section-height-default\" data-id=\"effd862\" data-element_type=\"section\">\n\t\t\t\t\t\t<div class=\"elementor-container elementor-column-gap-default\">\n\t\t\t\t\t\t\t<div class=\"elementor-row\">\n\t\t\t\t\t<div class=\"elementor-column elementor-col-100 elementor-top-column elementor-element elementor-element-a7f5f7b\" data-id=\"a7f5f7b\" data-element_type=\"column\">\n\t\t\t<div class=\"elementor-column-wrap elementor-element-populated\">\n\t\t\t\t\t\t\t<div class=\"elementor-widget-wrap\">\n\t\t\t\t\t\t<div class=\"elementor-element elementor-element-e2dc781 elementor-widget elementor-widget-heading\" data-id=\"e2dc781\" data-element_type=\"widget\" data-widget_type=\"heading.default\">\n\t\t\t\t<div class=\"elementor-widget-container\">\n\t\t\t<h2 class=\"elementor-heading-title elementor-size-default\">Lundi 23 janvier 2023 <\/h2>\t\t<\/div>\n\t\t\t\t<\/div>\n\t\t\t\t\t\t<\/div>\n\t\t\t\t\t<\/div>\n\t\t<\/div>\n\t\t\t\t\t\t\t\t<\/div>\n\t\t\t\t\t<\/div>\n\t\t<\/section>\n\t\t\t\t<section class=\"elementor-section elementor-top-section elementor-element elementor-element-b096e6f elementor-section-boxed elementor-section-height-default elementor-section-height-default\" data-id=\"b096e6f\" data-element_type=\"section\">\n\t\t\t\t\t\t<div class=\"elementor-container elementor-column-gap-default\">\n\t\t\t\t\t\t\t<div class=\"elementor-row\">\n\t\t\t\t\t<div class=\"elementor-column elementor-col-100 elementor-top-column elementor-element elementor-element-118c9ed\" data-id=\"118c9ed\" data-element_type=\"column\">\n\t\t\t<div class=\"elementor-column-wrap elementor-element-populated\">\n\t\t\t\t\t\t\t<div class=\"elementor-widget-wrap\">\n\t\t\t\t\t\t<div class=\"elementor-element elementor-element-e2fc968 elementor-widget elementor-widget-text-editor\" data-id=\"e2fc968\" data-element_type=\"widget\" data-widget_type=\"text-editor.default\">\n\t\t\t\t<div class=\"elementor-widget-container\">\n\t\t\t\t\t\t\t\t<div class=\"elementor-text-editor elementor-clearfix\">\n\t\t\t\t<p><strong>Philippe Descola a <\/strong><strong>parl\u00e9 de l\u2019ouvrage <\/strong>Ethnographies des mondes \u00e0 venir <em>de Philippe Descola et Alessandro Pignocchi<\/em><em>\u00e9ditions du Seuil, 2022<\/em>. La rencontre \u00e9tait initi\u00e9e et mod\u00e9r\u00e9e par Claire Dehove<strong>\/ <\/strong>WOS agence des hypoth\u00e8ses,Ambassadrice de la M\u00e9taNation et Ambassadrice des communs membre du comit\u00e9 de pilotage de l\u2019UBC de Paris.<\/p><p>\u00a0 <\/p>\t\t\t\t\t<\/div>\n\t\t\t\t\t\t<\/div>\n\t\t\t\t<\/div>\n\t\t\t\t\t\t<\/div>\n\t\t\t\t\t<\/div>\n\t\t<\/div>\n\t\t\t\t\t\t\t\t<\/div>\n\t\t\t\t\t<\/div>\n\t\t<\/section>\n\t\t\t\t<section class=\"elementor-section elementor-top-section elementor-element elementor-element-8a596b5 elementor-section-boxed elementor-section-height-default elementor-section-height-default\" data-id=\"8a596b5\" data-element_type=\"section\">\n\t\t\t\t\t\t<div class=\"elementor-container elementor-column-gap-default\">\n\t\t\t\t\t\t\t<div class=\"elementor-row\">\n\t\t\t\t\t<div class=\"elementor-column elementor-col-100 elementor-top-column elementor-element elementor-element-10cf2ec\" data-id=\"10cf2ec\" data-element_type=\"column\">\n\t\t\t<div class=\"elementor-column-wrap elementor-element-populated\">\n\t\t\t\t\t\t\t<div class=\"elementor-widget-wrap\">\n\t\t\t\t\t\t<div class=\"elementor-element elementor-element-f6ae685 elementor-widget elementor-widget-image\" data-id=\"f6ae685\" data-element_type=\"widget\" data-widget_type=\"image.default\">\n\t\t\t\t<div class=\"elementor-widget-container\">\n\t\t\t\t\t\t\t\t<div class=\"elementor-image\">\n\t\t\t\t\t\t\t\t\t\t\t\t<img width=\"150\" height=\"150\" src=\"https:\/\/www.universitebiencommun.org\/wp-content\/uploads\/2023\/04\/ethnographie-150x150.jpg\" class=\"attachment-thumbnail size-thumbnail\" alt=\"\" loading=\"lazy\" srcset=\"https:\/\/www.universitebiencommun.org\/wp-content\/uploads\/2023\/04\/ethnographie-150x150.jpg 150w, https:\/\/www.universitebiencommun.org\/wp-content\/uploads\/2023\/04\/ethnographie-100x100.jpg 100w\" sizes=\"100vw\" \/>\t\t\t\t\t\t\t\t\t\t\t\t\t\t<\/div>\n\t\t\t\t\t\t<\/div>\n\t\t\t\t<\/div>\n\t\t\t\t\t\t<\/div>\n\t\t\t\t\t<\/div>\n\t\t<\/div>\n\t\t\t\t\t\t\t\t<\/div>\n\t\t\t\t\t<\/div>\n\t\t<\/section>\n\t\t\t\t<section class=\"elementor-section elementor-top-section elementor-element elementor-element-4b8f8ba elementor-section-boxed elementor-section-height-default elementor-section-height-default\" data-id=\"4b8f8ba\" data-element_type=\"section\">\n\t\t\t\t\t\t<div class=\"elementor-container elementor-column-gap-default\">\n\t\t\t\t\t\t\t<div class=\"elementor-row\">\n\t\t\t\t\t<div class=\"elementor-column elementor-col-100 elementor-top-column elementor-element elementor-element-4840dce\" data-id=\"4840dce\" data-element_type=\"column\">\n\t\t\t<div class=\"elementor-column-wrap elementor-element-populated\">\n\t\t\t\t\t\t\t<div class=\"elementor-widget-wrap\">\n\t\t\t\t\t\t<div class=\"elementor-element elementor-element-14e8743 elementor-widget elementor-widget-heading\" data-id=\"14e8743\" data-element_type=\"widget\" data-widget_type=\"heading.default\">\n\t\t\t\t<div class=\"elementor-widget-container\">\n\t\t\t<h2 class=\"elementor-heading-title elementor-size-default\">lundi 27 mars  2023 <\/h2>\t\t<\/div>\n\t\t\t\t<\/div>\n\t\t\t\t\t\t<\/div>\n\t\t\t\t\t<\/div>\n\t\t<\/div>\n\t\t\t\t\t\t\t\t<\/div>\n\t\t\t\t\t<\/div>\n\t\t<\/section>\n\t\t\t\t<section class=\"elementor-section elementor-top-section elementor-element elementor-element-9a57afb elementor-section-boxed elementor-section-height-default elementor-section-height-default\" data-id=\"9a57afb\" data-element_type=\"section\">\n\t\t\t\t\t\t<div class=\"elementor-container elementor-column-gap-default\">\n\t\t\t\t\t\t\t<div class=\"elementor-row\">\n\t\t\t\t\t<div class=\"elementor-column elementor-col-100 elementor-top-column elementor-element elementor-element-fc8f74b\" data-id=\"fc8f74b\" data-element_type=\"column\">\n\t\t\t<div class=\"elementor-column-wrap elementor-element-populated\">\n\t\t\t\t\t\t\t<div class=\"elementor-widget-wrap\">\n\t\t\t\t\t\t<div class=\"elementor-element elementor-element-91b5cad elementor-widget elementor-widget-heading\" data-id=\"91b5cad\" data-element_type=\"widget\" data-widget_type=\"heading.default\">\n\t\t\t\t<div class=\"elementor-widget-container\">\n\t\t\t<h2 class=\"elementor-heading-title elementor-size-default\">L'\u00e9conomie face \u00e0 la nature \/De la pr\u00e9datio<b>n \u00e0 la co\u00e9volution avec Harold Levrel (professeur d\u2019\u00e9conomie \u00e9cologique \u00e0 AgroParisTech, Cired) -  (Editions Les petits matin - 2023) - D\u00e9roulement de la visio anim\u00e9 par Yovan Gilles. <\/b>\n<\/h2>\t\t<\/div>\n\t\t\t\t<\/div>\n\t\t\t\t\t\t<\/div>\n\t\t\t\t\t<\/div>\n\t\t<\/div>\n\t\t\t\t\t\t\t\t<\/div>\n\t\t\t\t\t<\/div>\n\t\t<\/section>\n\t\t\t\t<section class=\"elementor-section elementor-top-section elementor-element elementor-element-57da75d elementor-section-boxed elementor-section-height-default elementor-section-height-default\" data-id=\"57da75d\" data-element_type=\"section\">\n\t\t\t\t\t\t<div class=\"elementor-container elementor-column-gap-default\">\n\t\t\t\t\t\t\t<div class=\"elementor-row\">\n\t\t\t\t\t<div class=\"elementor-column elementor-col-100 elementor-top-column elementor-element elementor-element-60e5286\" data-id=\"60e5286\" data-element_type=\"column\">\n\t\t\t<div class=\"elementor-column-wrap elementor-element-populated\">\n\t\t\t\t\t\t\t<div class=\"elementor-widget-wrap\">\n\t\t\t\t\t\t<div class=\"elementor-element elementor-element-d56a650 elementor-widget elementor-widget-image\" data-id=\"d56a650\" data-element_type=\"widget\" data-widget_type=\"image.default\">\n\t\t\t\t<div class=\"elementor-widget-container\">\n\t\t\t\t\t\t\t\t<div class=\"elementor-image\">\n\t\t\t\t\t\t\t\t\t\t\t\t<img width=\"150\" height=\"150\" src=\"https:\/\/www.universitebiencommun.org\/wp-content\/uploads\/2023\/08\/l-economie-face-a-la-nature-150x150.jpg\" class=\"attachment-thumbnail size-thumbnail\" alt=\"\" loading=\"lazy\" srcset=\"https:\/\/www.universitebiencommun.org\/wp-content\/uploads\/2023\/08\/l-economie-face-a-la-nature-150x150.jpg 150w, https:\/\/www.universitebiencommun.org\/wp-content\/uploads\/2023\/08\/l-economie-face-a-la-nature-100x100.jpg 100w\" sizes=\"100vw\" \/>\t\t\t\t\t\t\t\t\t\t\t\t\t\t<\/div>\n\t\t\t\t\t\t<\/div>\n\t\t\t\t<\/div>\n\t\t\t\t\t\t<\/div>\n\t\t\t\t\t<\/div>\n\t\t<\/div>\n\t\t\t\t\t\t\t\t<\/div>\n\t\t\t\t\t<\/div>\n\t\t<\/section>\n\t\t\t\t\t\t<\/div>\n\t\t\t\t\t\t<\/div>\n\t\t\t\t\t<\/div>\n\t\t","protected":false},"excerpt":{"rendered":"<p>Lundi 28 mars 2022 Jean Foucambert a parl\u00e9 de l\u2019ouvrage L\u2019\u00e9ducation un bien commun \u00bb de Raymond Millot ; Rencontre anim\u00e9e par\u00a0Jean-Pascal Derumier,\u00a0membre du comit\u00e9 de pilotage de l\u2019Universit\u00e9. Lundi 20 juin 2022 Jean-Beno\u00eet ZIMMERMANN a pr\u00e9sent\u00e9 son ouvrage Les Communs (Des jardins partag\u00e9s \u00e0 Wikip\u00e9dia)\u00a0 Editions Libre &amp; Solidaire \u2013 Juin 2021. L\u2019ouvrage est &hellip; <\/p>\n<p class=\"link-more\"><a href=\"https:\/\/www.universitebiencommun.org\/?page_id=1629\" class=\"more-link\">Continuer la lecture<span class=\"screen-reader-text\"> de &laquo;&nbsp;UN AUTEUR UN LIVRE&nbsp;&raquo;<\/span><\/a><\/p>\n","protected":false},"author":1,"featured_media":0,"parent":0,"menu_order":0,"comment_status":"closed","ping_status":"closed","template":"","meta":{"_mo_disable_npp":""},"yoast_head":"<!-- This site is optimized with the Yoast SEO plugin v17.7.1 - https:\/\/yoast.com\/wordpress\/plugins\/seo\/ -->\n<title>UN AUTEUR UN LIVRE -<\/title>\n<meta name=\"robots\" content=\"index, follow, max-snippet:-1, max-image-preview:large, max-video-preview:-1\" \/>\n<link rel=\"canonical\" href=\"https:\/\/www.universitebiencommun.org\/?page_id=1629\" \/>\n<meta property=\"og:locale\" content=\"fr_FR\" \/>\n<meta property=\"og:type\" content=\"article\" \/>\n<meta property=\"og:title\" content=\"UN AUTEUR UN LIVRE -\" \/>\n<meta property=\"og:description\" content=\"Lundi 28 mars 2022 Jean Foucambert a parl\u00e9 de l\u2019ouvrage L\u2019\u00e9ducation un bien commun \u00bb de Raymond Millot ; Rencontre anim\u00e9e par\u00a0Jean-Pascal Derumier,\u00a0membre du comit\u00e9 de pilotage de l\u2019Universit\u00e9. Lundi 20 juin 2022 Jean-Beno\u00eet ZIMMERMANN a pr\u00e9sent\u00e9 son ouvrage Les Communs (Des jardins partag\u00e9s \u00e0 Wikip\u00e9dia)\u00a0 Editions Libre &amp; Solidaire \u2013 Juin 2021. L\u2019ouvrage est &hellip; Continuer la lecture de &laquo;&nbsp;UN AUTEUR UN LIVRE&nbsp;&raquo;\" \/>\n<meta property=\"og:url\" content=\"https:\/\/www.universitebiencommun.org\/?page_id=1629\" \/>\n<meta property=\"article:modified_time\" content=\"2023-08-14T15:30:40+00:00\" \/>\n<meta property=\"og:image\" content=\"http:\/\/www.universitebiencommun.org\/wp-content\/uploads\/2022\/10\/education-millot.jpg\" \/>\n<meta name=\"twitter:card\" content=\"summary_large_image\" \/>\n<meta name=\"twitter:label1\" content=\"Dur\u00e9e de lecture estim\u00e9e\" \/>\n\t<meta name=\"twitter:data1\" content=\"4 minutes\" \/>\n<script type=\"application\/ld+json\" class=\"yoast-schema-graph\">{\"@context\":\"https:\/\/schema.org\",\"@graph\":[{\"@type\":\"WebSite\",\"@id\":\"https:\/\/www.universitebiencommun.org\/#website\",\"url\":\"https:\/\/www.universitebiencommun.org\/\",\"name\":\"\",\"description\":\"\",\"potentialAction\":[{\"@type\":\"SearchAction\",\"target\":{\"@type\":\"EntryPoint\",\"urlTemplate\":\"https:\/\/www.universitebiencommun.org\/?s={search_term_string}\"},\"query-input\":\"required name=search_term_string\"}],\"inLanguage\":\"fr-FR\"},{\"@type\":\"ImageObject\",\"@id\":\"https:\/\/www.universitebiencommun.org\/?page_id=1629#primaryimage\",\"inLanguage\":\"fr-FR\",\"url\":\"http:\/\/www.universitebiencommun.org\/wp-content\/uploads\/2022\/10\/education-millot.jpg\",\"contentUrl\":\"http:\/\/www.universitebiencommun.org\/wp-content\/uploads\/2022\/10\/education-millot.jpg\"},{\"@type\":\"WebPage\",\"@id\":\"https:\/\/www.universitebiencommun.org\/?page_id=1629#webpage\",\"url\":\"https:\/\/www.universitebiencommun.org\/?page_id=1629\",\"name\":\"UN AUTEUR UN LIVRE -\",\"isPartOf\":{\"@id\":\"https:\/\/www.universitebiencommun.org\/#website\"},\"primaryImageOfPage\":{\"@id\":\"https:\/\/www.universitebiencommun.org\/?page_id=1629#primaryimage\"},\"datePublished\":\"2022-04-04T14:36:04+00:00\",\"dateModified\":\"2023-08-14T15:30:40+00:00\",\"breadcrumb\":{\"@id\":\"https:\/\/www.universitebiencommun.org\/?page_id=1629#breadcrumb\"},\"inLanguage\":\"fr-FR\",\"potentialAction\":[{\"@type\":\"ReadAction\",\"target\":[\"https:\/\/www.universitebiencommun.org\/?page_id=1629\"]}]},{\"@type\":\"BreadcrumbList\",\"@id\":\"https:\/\/www.universitebiencommun.org\/?page_id=1629#breadcrumb\",\"itemListElement\":[{\"@type\":\"ListItem\",\"position\":1,\"name\":\"Accueil\",\"item\":\"https:\/\/www.universitebiencommun.org\/\"},{\"@type\":\"ListItem\",\"position\":2,\"name\":\"UN AUTEUR UN LIVRE\"}]}]}<\/script>\n<!-- \/ Yoast SEO plugin. -->","yoast_head_json":{"title":"UN AUTEUR UN LIVRE -","robots":{"index":"index","follow":"follow","max-snippet":"max-snippet:-1","max-image-preview":"max-image-preview:large","max-video-preview":"max-video-preview:-1"},"canonical":"https:\/\/www.universitebiencommun.org\/?page_id=1629","og_locale":"fr_FR","og_type":"article","og_title":"UN AUTEUR UN LIVRE -","og_description":"Lundi 28 mars 2022 Jean Foucambert a parl\u00e9 de l\u2019ouvrage L\u2019\u00e9ducation un bien commun \u00bb de Raymond Millot ; Rencontre anim\u00e9e par\u00a0Jean-Pascal Derumier,\u00a0membre du comit\u00e9 de pilotage de l\u2019Universit\u00e9. Lundi 20 juin 2022 Jean-Beno\u00eet ZIMMERMANN a pr\u00e9sent\u00e9 son ouvrage Les Communs (Des jardins partag\u00e9s \u00e0 Wikip\u00e9dia)\u00a0 Editions Libre &amp; Solidaire \u2013 Juin 2021. L\u2019ouvrage est &hellip; Continuer la lecture de &laquo;&nbsp;UN AUTEUR UN LIVRE&nbsp;&raquo;","og_url":"https:\/\/www.universitebiencommun.org\/?page_id=1629","article_modified_time":"2023-08-14T15:30:40+00:00","og_image":[{"url":"http:\/\/www.universitebiencommun.org\/wp-content\/uploads\/2022\/10\/education-millot.jpg"}],"twitter_card":"summary_large_image","twitter_misc":{"Dur\u00e9e de lecture estim\u00e9e":"4 minutes"},"schema":{"@context":"https:\/\/schema.org","@graph":[{"@type":"WebSite","@id":"https:\/\/www.universitebiencommun.org\/#website","url":"https:\/\/www.universitebiencommun.org\/","name":"","description":"","potentialAction":[{"@type":"SearchAction","target":{"@type":"EntryPoint","urlTemplate":"https:\/\/www.universitebiencommun.org\/?s={search_term_string}"},"query-input":"required name=search_term_string"}],"inLanguage":"fr-FR"},{"@type":"ImageObject","@id":"https:\/\/www.universitebiencommun.org\/?page_id=1629#primaryimage","inLanguage":"fr-FR","url":"http:\/\/www.universitebiencommun.org\/wp-content\/uploads\/2022\/10\/education-millot.jpg","contentUrl":"http:\/\/www.universitebiencommun.org\/wp-content\/uploads\/2022\/10\/education-millot.jpg"},{"@type":"WebPage","@id":"https:\/\/www.universitebiencommun.org\/?page_id=1629#webpage","url":"https:\/\/www.universitebiencommun.org\/?page_id=1629","name":"UN AUTEUR UN LIVRE -","isPartOf":{"@id":"https:\/\/www.universitebiencommun.org\/#website"},"primaryImageOfPage":{"@id":"https:\/\/www.universitebiencommun.org\/?page_id=1629#primaryimage"},"datePublished":"2022-04-04T14:36:04+00:00","dateModified":"2023-08-14T15:30:40+00:00","breadcrumb":{"@id":"https:\/\/www.universitebiencommun.org\/?page_id=1629#breadcrumb"},"inLanguage":"fr-FR","potentialAction":[{"@type":"ReadAction","target":["https:\/\/www.universitebiencommun.org\/?page_id=1629"]}]},{"@type":"BreadcrumbList","@id":"https:\/\/www.universitebiencommun.org\/?page_id=1629#breadcrumb","itemListElement":[{"@type":"ListItem","position":1,"name":"Accueil","item":"https:\/\/www.universitebiencommun.org\/"},{"@type":"ListItem","position":2,"name":"UN AUTEUR UN LIVRE"}]}]}},"_links":{"self":[{"href":"https:\/\/www.universitebiencommun.org\/index.php?rest_route=\/wp\/v2\/pages\/1629"}],"collection":[{"href":"https:\/\/www.universitebiencommun.org\/index.php?rest_route=\/wp\/v2\/pages"}],"about":[{"href":"https:\/\/www.universitebiencommun.org\/index.php?rest_route=\/wp\/v2\/types\/page"}],"author":[{"embeddable":true,"href":"https:\/\/www.universitebiencommun.org\/index.php?rest_route=\/wp\/v2\/users\/1"}],"replies":[{"embeddable":true,"href":"https:\/\/www.universitebiencommun.org\/index.php?rest_route=%2Fwp%2Fv2%2Fcomments&post=1629"}],"version-history":[{"count":53,"href":"https:\/\/www.universitebiencommun.org\/index.php?rest_route=\/wp\/v2\/pages\/1629\/revisions"}],"predecessor-version":[{"id":2358,"href":"https:\/\/www.universitebiencommun.org\/index.php?rest_route=\/wp\/v2\/pages\/1629\/revisions\/2358"}],"wp:attachment":[{"href":"https:\/\/www.universitebiencommun.org\/index.php?rest_route=%2Fwp%2Fv2%2Fmedia&parent=1629"}],"curies":[{"name":"wp","href":"https:\/\/api.w.org\/{rel}","templated":true}]}}