{"id":50,"date":"2021-03-10T16:37:01","date_gmt":"2021-03-10T16:37:01","guid":{"rendered":"https:\/\/ubc-6ace14.ingress-baronn.easywp.com\/?page_id=50"},"modified":"2022-04-20T11:00:23","modified_gmt":"2022-04-20T11:00:23","slug":"videotheque","status":"publish","type":"page","link":"https:\/\/www.universitebiencommun.org\/?page_id=50","title":{"rendered":"MEDIAS"},"content":{"rendered":"\t\t<div data-elementor-type=\"wp-page\" data-elementor-id=\"50\" class=\"elementor elementor-50\" data-elementor-settings=\"[]\">\n\t\t\t\t\t\t<div class=\"elementor-inner\">\n\t\t\t\t\t\t\t<div class=\"elementor-section-wrap\">\n\t\t\t\t\t\t\t<section class=\"elementor-section elementor-top-section elementor-element elementor-element-c48b7e0 elementor-section-boxed elementor-section-height-default elementor-section-height-default\" data-id=\"c48b7e0\" data-element_type=\"section\">\n\t\t\t\t\t\t<div class=\"elementor-container elementor-column-gap-default\">\n\t\t\t\t\t\t\t<div class=\"elementor-row\">\n\t\t\t\t\t<div class=\"elementor-column elementor-col-100 elementor-top-column elementor-element elementor-element-502ec31\" data-id=\"502ec31\" data-element_type=\"column\">\n\t\t\t<div class=\"elementor-column-wrap elementor-element-populated\">\n\t\t\t\t\t\t\t<div class=\"elementor-widget-wrap\">\n\t\t\t\t\t\t<div class=\"elementor-element elementor-element-fe256cd elementor-widget elementor-widget-heading\" data-id=\"fe256cd\" data-element_type=\"widget\" data-widget_type=\"heading.default\">\n\t\t\t\t<div class=\"elementor-widget-container\">\n\t\t\t<h2 class=\"elementor-heading-title elementor-size-default\">Les cha\u00eenes audio et vid\u00e9os de l\u2019Universit\u00e9 du Bien Commun \u00e0 Paris<\/h2>\t\t<\/div>\n\t\t\t\t<\/div>\n\t\t\t\t<div class=\"elementor-element elementor-element-fd9141c elementor-widget elementor-widget-text-editor\" data-id=\"fd9141c\" data-element_type=\"widget\" data-widget_type=\"text-editor.default\">\n\t\t\t\t<div class=\"elementor-widget-container\">\n\t\t\t\t\t\t\t\t<div class=\"elementor-text-editor elementor-clearfix\">\n\t\t\t\t<h2 class=\"elementor-heading-title elementor-size-default elementor-inline-editing pen\" style=\"color: #000000; font-size: 17px; outline-style: initial; outline-width: 0px; font-family: Raleway, sans-serif;\" data-elementor-setting-key=\"title\" data-pen-placeholder=\"\u00c9crivez ici...\"><strong>Dans une volont\u00e9 de transmission, l\u2019UBC met \u00e0 disposition de tous l&rsquo;essentiel des enregistrements audio et vid\u00e9o de chacune des sessions organis\u00e9es. <\/strong><\/h2><h2 class=\"elementor-heading-title elementor-size-default elementor-inline-editing pen\" style=\"color: #000000; font-size: 17px; outline-style: initial; outline-width: 0px; font-family: Raleway, sans-serif;\" data-elementor-setting-key=\"title\" data-pen-placeholder=\"\u00c9crivez ici...\"><strong>Les utilisateurs sont invit\u00e9s \u00e0 signer<span style=\"text-decoration: underline;\"> <a href=\"http:\/\/www.universitebiencommun.org\/wp-content\/uploads\/2021\/03\/1_Charte-Universite-du-Bien-Commun-a-Paris.pdf\" target=\"_blank\" rel=\"noopener\">la charte de l&rsquo;Universit\u00e9<\/a><\/span> avant tout usage public.<\/strong><\/h2>\t\t\t\t\t<\/div>\n\t\t\t\t\t\t<\/div>\n\t\t\t\t<\/div>\n\t\t\t\t\t\t<\/div>\n\t\t\t\t\t<\/div>\n\t\t<\/div>\n\t\t\t\t\t\t\t\t<\/div>\n\t\t\t\t\t<\/div>\n\t\t<\/section>\n\t\t\t\t<section class=\"elementor-section elementor-top-section elementor-element elementor-element-62e9769 elementor-section-boxed elementor-section-height-default elementor-section-height-default\" data-id=\"62e9769\" data-element_type=\"section\">\n\t\t\t\t\t\t<div class=\"elementor-container elementor-column-gap-default\">\n\t\t\t\t\t\t\t<div class=\"elementor-row\">\n\t\t\t\t\t<div class=\"elementor-column elementor-col-25 elementor-top-column elementor-element elementor-element-c2e4ffc\" data-id=\"c2e4ffc\" data-element_type=\"column\">\n\t\t\t<div class=\"elementor-column-wrap elementor-element-populated\">\n\t\t\t\t\t\t\t<div class=\"elementor-widget-wrap\">\n\t\t\t\t\t\t<div class=\"elementor-element elementor-element-b802905 elementor-widget elementor-widget-image\" data-id=\"b802905\" data-element_type=\"widget\" data-widget_type=\"image.default\">\n\t\t\t\t<div class=\"elementor-widget-container\">\n\t\t\t\t\t\t\t\t<div class=\"elementor-image\">\n\t\t\t\t\t\t\t\t\t\t\t\t\t<a href=\"https:\/\/audioblog.arteradio.com\/blog\/98891\/universite-du-bien-commun-a-paris\" target=\"_blank\">\n\t\t\t\t\t\t\t<img width=\"500\" height=\"500\" src=\"https:\/\/www.universitebiencommun.org\/wp-content\/uploads\/2021\/03\/artworks-000150223794-sb03ej-t500x500.jpg\" class=\"attachment-large size-large\" alt=\"\" loading=\"lazy\" srcset=\"https:\/\/www.universitebiencommun.org\/wp-content\/uploads\/2021\/03\/artworks-000150223794-sb03ej-t500x500.jpg 500w, https:\/\/www.universitebiencommun.org\/wp-content\/uploads\/2021\/03\/artworks-000150223794-sb03ej-t500x500-300x300.jpg 300w, https:\/\/www.universitebiencommun.org\/wp-content\/uploads\/2021\/03\/artworks-000150223794-sb03ej-t500x500-150x150.jpg 150w, https:\/\/www.universitebiencommun.org\/wp-content\/uploads\/2021\/03\/artworks-000150223794-sb03ej-t500x500-100x100.jpg 100w\" sizes=\"100vw\" \/>\t\t\t\t\t\t\t\t<\/a>\n\t\t\t\t\t\t\t\t\t\t\t\t\t\t<\/div>\n\t\t\t\t\t\t<\/div>\n\t\t\t\t<\/div>\n\t\t\t\t\t\t<\/div>\n\t\t\t\t\t<\/div>\n\t\t<\/div>\n\t\t\t\t<div class=\"elementor-column elementor-col-25 elementor-top-column elementor-element elementor-element-a2a4518\" data-id=\"a2a4518\" data-element_type=\"column\">\n\t\t\t<div class=\"elementor-column-wrap elementor-element-populated\">\n\t\t\t\t\t\t\t<div class=\"elementor-widget-wrap\">\n\t\t\t\t\t\t<div class=\"elementor-element elementor-element-02affd9 elementor-widget elementor-widget-heading\" data-id=\"02affd9\" data-element_type=\"widget\" data-widget_type=\"heading.default\">\n\t\t\t\t<div class=\"elementor-widget-container\">\n\t\t\t<h2 class=\"elementor-heading-title elementor-size-default\">SONOTHEQUE<\/h2>\t\t<\/div>\n\t\t\t\t<\/div>\n\t\t\t\t<div class=\"elementor-element elementor-element-dd9c512 elementor-widget elementor-widget-text-editor\" data-id=\"dd9c512\" data-element_type=\"widget\" data-widget_type=\"text-editor.default\">\n\t\t\t\t<div class=\"elementor-widget-container\">\n\t\t\t\t\t\t\t\t<div class=\"elementor-text-editor elementor-clearfix\">\n\t\t\t\t<p><span style=\"color: var( --e-global-color-text ); font-family: var( --e-global-typography-text-font-family ), Sans-serif; font-weight: var( --e-global-typography-text-font-weight ); font-size: 1rem;\">Les ressources sonores pr\u00e9sent\u00e9es ici&nbsp;<\/span><span style=\"color: var( --e-global-color-text ); font-family: var( --e-global-typography-text-font-family ), Sans-serif; font-weight: var( --e-global-typography-text-font-weight ); font-size: 1rem;\">rassemblent les extraits des sessions publique, depuis 2017.<\/span><span style=\"color: var( --e-global-color-text ); font-family: var( --e-global-typography-text-font-family ), Sans-serif; font-size: 1rem; font-weight: var( --e-global-typography-text-font-weight );\">&nbsp; Elles sont le fruit des \u00e9missions radiophoniques r\u00e9alis\u00e9es par <i>Les p\u00e9riph\u00e9riques<\/i> vous parlent dans le cadre de leur \u00e9mission mensuelle sur la radio Fr\u00e9quence Paris Plurielle (106.3 Bande FM) et en partenariat avec cette derni\u00e8re.<\/span><\/p>\t\t\t\t\t<\/div>\n\t\t\t\t\t\t<\/div>\n\t\t\t\t<\/div>\n\t\t\t\t<div class=\"elementor-element elementor-element-8128336 elementor-widget elementor-widget-spacer\" data-id=\"8128336\" data-element_type=\"widget\" data-widget_type=\"spacer.default\">\n\t\t\t\t<div class=\"elementor-widget-container\">\n\t\t\t\t\t<div class=\"elementor-spacer\">\n\t\t\t<div class=\"elementor-spacer-inner\"><\/div>\n\t\t<\/div>\n\t\t\t\t<\/div>\n\t\t\t\t<\/div>\n\t\t\t\t\t\t<\/div>\n\t\t\t\t\t<\/div>\n\t\t<\/div>\n\t\t\t\t<div class=\"elementor-column elementor-col-25 elementor-top-column elementor-element elementor-element-ff50763\" data-id=\"ff50763\" data-element_type=\"column\">\n\t\t\t<div class=\"elementor-column-wrap elementor-element-populated\">\n\t\t\t\t\t\t\t<div class=\"elementor-widget-wrap\">\n\t\t\t\t\t\t<div class=\"elementor-element elementor-element-ac3f10d elementor-widget elementor-widget-image\" data-id=\"ac3f10d\" data-element_type=\"widget\" data-widget_type=\"image.default\">\n\t\t\t\t<div class=\"elementor-widget-container\">\n\t\t\t\t\t\t\t\t<div class=\"elementor-image\">\n\t\t\t\t\t\t\t\t\t\t\t\t\t<a href=\"https:\/\/www.youtube.com\/channel\/UCP2nee_hraUrC3MblTqCvQg\" target=\"_blank\">\n\t\t\t\t\t\t\t<img width=\"525\" height=\"525\" src=\"https:\/\/www.universitebiencommun.org\/wp-content\/uploads\/2021\/03\/kisspng-logo-youtube-premium-autobedrijf-rinie-deijkers-pi-fpt-internet-huyn-fpt-hi-dng-5d10c2deae1548.8368077115613795507131.png\" class=\"attachment-large size-large\" alt=\"\" loading=\"lazy\" srcset=\"https:\/\/www.universitebiencommun.org\/wp-content\/uploads\/2021\/03\/kisspng-logo-youtube-premium-autobedrijf-rinie-deijkers-pi-fpt-internet-huyn-fpt-hi-dng-5d10c2deae1548.8368077115613795507131.png 630w, https:\/\/www.universitebiencommun.org\/wp-content\/uploads\/2021\/03\/kisspng-logo-youtube-premium-autobedrijf-rinie-deijkers-pi-fpt-internet-huyn-fpt-hi-dng-5d10c2deae1548.8368077115613795507131-300x300.png 300w, https:\/\/www.universitebiencommun.org\/wp-content\/uploads\/2021\/03\/kisspng-logo-youtube-premium-autobedrijf-rinie-deijkers-pi-fpt-internet-huyn-fpt-hi-dng-5d10c2deae1548.8368077115613795507131-150x150.png 150w, https:\/\/www.universitebiencommun.org\/wp-content\/uploads\/2021\/03\/kisspng-logo-youtube-premium-autobedrijf-rinie-deijkers-pi-fpt-internet-huyn-fpt-hi-dng-5d10c2deae1548.8368077115613795507131-100x100.png 100w\" sizes=\"100vw\" \/>\t\t\t\t\t\t\t\t<\/a>\n\t\t\t\t\t\t\t\t\t\t\t\t\t\t<\/div>\n\t\t\t\t\t\t<\/div>\n\t\t\t\t<\/div>\n\t\t\t\t\t\t<\/div>\n\t\t\t\t\t<\/div>\n\t\t<\/div>\n\t\t\t\t<div class=\"elementor-column elementor-col-25 elementor-top-column elementor-element elementor-element-b0ff1aa\" data-id=\"b0ff1aa\" data-element_type=\"column\">\n\t\t\t<div class=\"elementor-column-wrap elementor-element-populated\">\n\t\t\t\t\t\t\t<div class=\"elementor-widget-wrap\">\n\t\t\t\t\t\t<div class=\"elementor-element elementor-element-60adf13 elementor-widget elementor-widget-heading\" data-id=\"60adf13\" data-element_type=\"widget\" data-widget_type=\"heading.default\">\n\t\t\t\t<div class=\"elementor-widget-container\">\n\t\t\t<h2 class=\"elementor-heading-title elementor-size-default\">VID\u00c9OTHEQUE<\/h2>\t\t<\/div>\n\t\t\t\t<\/div>\n\t\t\t\t<div class=\"elementor-element elementor-element-c668782 elementor-widget elementor-widget-text-editor\" data-id=\"c668782\" data-element_type=\"widget\" data-widget_type=\"text-editor.default\">\n\t\t\t\t<div class=\"elementor-widget-container\">\n\t\t\t\t\t\t\t\t<div class=\"elementor-text-editor elementor-clearfix\">\n\t\t\t\t<p>Les captations mont\u00e9es des diff\u00e9rentes sessions de l&rsquo;Universit\u00e9\u00a0\u00a0sous des formats variables seront mises en ligne \u00e0 partir d&rsquo;octobre 2021 lors de l&rsquo;ouverture de notre cha\u00eene vid\u00e9o. Nous \u00e9chelonnerons leur mise en ligne \u00e0 raison de deux par mois.<\/p><p><strong>Cliquez sur l&rsquo;icone You Tube<\/strong> <strong>pour acc\u00e9der \u00e0 l&rsquo;ensemble des vid\u00e9os.<\/strong><\/p>\t\t\t\t\t<\/div>\n\t\t\t\t\t\t<\/div>\n\t\t\t\t<\/div>\n\t\t\t\t\t\t<\/div>\n\t\t\t\t\t<\/div>\n\t\t<\/div>\n\t\t\t\t\t\t\t\t<\/div>\n\t\t\t\t\t<\/div>\n\t\t<\/section>\n\t\t\t\t<section class=\"elementor-section elementor-top-section elementor-element elementor-element-4be9979 elementor-section-boxed elementor-section-height-default elementor-section-height-default\" data-id=\"4be9979\" data-element_type=\"section\">\n\t\t\t\t\t\t<div class=\"elementor-container elementor-column-gap-default\">\n\t\t\t\t\t\t\t<div class=\"elementor-row\">\n\t\t\t\t\t<div class=\"elementor-column elementor-col-100 elementor-top-column elementor-element elementor-element-792402c\" data-id=\"792402c\" data-element_type=\"column\">\n\t\t\t<div class=\"elementor-column-wrap elementor-element-populated\">\n\t\t\t\t\t\t\t<div class=\"elementor-widget-wrap\">\n\t\t\t\t\t\t<div class=\"elementor-element elementor-element-fbf15dc elementor-widget elementor-widget-image\" data-id=\"fbf15dc\" data-element_type=\"widget\" data-widget_type=\"image.default\">\n\t\t\t\t<div class=\"elementor-widget-container\">\n\t\t\t\t\t\t\t\t<div class=\"elementor-image\">\n\t\t\t\t\t\t\t\t\t\t\t\t<img width=\"525\" height=\"66\" src=\"https:\/\/www.universitebiencommun.org\/wp-content\/uploads\/2021\/03\/barra-azul-1024x129.png\" class=\"attachment-large size-large\" alt=\"\" loading=\"lazy\" srcset=\"https:\/\/www.universitebiencommun.org\/wp-content\/uploads\/2021\/03\/barra-azul-1024x129.png 1024w, https:\/\/www.universitebiencommun.org\/wp-content\/uploads\/2021\/03\/barra-azul-300x38.png 300w, https:\/\/www.universitebiencommun.org\/wp-content\/uploads\/2021\/03\/barra-azul-768x97.png 768w, https:\/\/www.universitebiencommun.org\/wp-content\/uploads\/2021\/03\/barra-azul-1536x194.png 1536w, https:\/\/www.universitebiencommun.org\/wp-content\/uploads\/2021\/03\/barra-azul-2048x259.png 2048w\" sizes=\"100vw\" \/>\t\t\t\t\t\t\t\t\t\t\t\t\t\t<\/div>\n\t\t\t\t\t\t<\/div>\n\t\t\t\t<\/div>\n\t\t\t\t\t\t<\/div>\n\t\t\t\t\t<\/div>\n\t\t<\/div>\n\t\t\t\t\t\t\t\t<\/div>\n\t\t\t\t\t<\/div>\n\t\t<\/section>\n\t\t\t\t<section class=\"elementor-section elementor-top-section elementor-element elementor-element-69e57bb elementor-section-boxed elementor-section-height-default elementor-section-height-default\" data-id=\"69e57bb\" data-element_type=\"section\">\n\t\t\t\t\t\t<div class=\"elementor-container elementor-column-gap-default\">\n\t\t\t\t\t\t\t<div class=\"elementor-row\">\n\t\t\t\t\t<div class=\"elementor-column elementor-col-33 elementor-top-column elementor-element elementor-element-fd1a993\" data-id=\"fd1a993\" data-element_type=\"column\">\n\t\t\t<div class=\"elementor-column-wrap elementor-element-populated\">\n\t\t\t\t\t\t\t<div class=\"elementor-widget-wrap\">\n\t\t\t\t\t\t<div class=\"elementor-element elementor-element-bc9ee65 elementor-widget elementor-widget-heading\" data-id=\"bc9ee65\" data-element_type=\"widget\" data-widget_type=\"heading.default\">\n\t\t\t\t<div class=\"elementor-widget-container\">\n\t\t\t<h2 class=\"elementor-heading-title elementor-size-default\">- 29\/02\/2020 : TRAVAIL ET COMMUNS (2) :\nLe travail gratuit, invisible des communs.<\/h2>\t\t<\/div>\n\t\t\t\t<\/div>\n\t\t\t\t\t\t<\/div>\n\t\t\t\t\t<\/div>\n\t\t<\/div>\n\t\t\t\t<div class=\"elementor-column elementor-col-33 elementor-top-column elementor-element elementor-element-04f0508\" data-id=\"04f0508\" data-element_type=\"column\">\n\t\t\t<div class=\"elementor-column-wrap elementor-element-populated\">\n\t\t\t\t\t\t\t<div class=\"elementor-widget-wrap\">\n\t\t\t\t\t\t<div class=\"elementor-element elementor-element-83979a7 elementor-widget elementor-widget-image\" data-id=\"83979a7\" data-element_type=\"widget\" data-widget_type=\"image.default\">\n\t\t\t\t<div class=\"elementor-widget-container\">\n\t\t\t\t\t\t\t\t<div class=\"elementor-image\">\n\t\t\t\t\t\t\t\t\t\t\t\t\t<a href=\"https:\/\/audioblog.arteradio.com\/blog\/98891\/podcast\/148078\/travail-et-commun-2-le-travail-invisible-des-communs\" target=\"_blank\">\n\t\t\t\t\t\t\t<img width=\"500\" height=\"500\" src=\"https:\/\/www.universitebiencommun.org\/wp-content\/uploads\/2021\/03\/artworks-000150223794-sb03ej-t500x500.jpg\" class=\"attachment-large size-large\" alt=\"\" loading=\"lazy\" srcset=\"https:\/\/www.universitebiencommun.org\/wp-content\/uploads\/2021\/03\/artworks-000150223794-sb03ej-t500x500.jpg 500w, https:\/\/www.universitebiencommun.org\/wp-content\/uploads\/2021\/03\/artworks-000150223794-sb03ej-t500x500-300x300.jpg 300w, https:\/\/www.universitebiencommun.org\/wp-content\/uploads\/2021\/03\/artworks-000150223794-sb03ej-t500x500-150x150.jpg 150w, https:\/\/www.universitebiencommun.org\/wp-content\/uploads\/2021\/03\/artworks-000150223794-sb03ej-t500x500-100x100.jpg 100w\" sizes=\"100vw\" \/>\t\t\t\t\t\t\t\t<\/a>\n\t\t\t\t\t\t\t\t\t\t\t\t\t\t<\/div>\n\t\t\t\t\t\t<\/div>\n\t\t\t\t<\/div>\n\t\t\t\t\t\t<\/div>\n\t\t\t\t\t<\/div>\n\t\t<\/div>\n\t\t\t\t<div class=\"elementor-column elementor-col-33 elementor-top-column elementor-element elementor-element-9b691e3\" data-id=\"9b691e3\" data-element_type=\"column\">\n\t\t\t<div class=\"elementor-column-wrap elementor-element-populated\">\n\t\t\t\t\t\t\t<div class=\"elementor-widget-wrap\">\n\t\t\t\t\t\t\t\t<\/div>\n\t\t\t\t\t<\/div>\n\t\t<\/div>\n\t\t\t\t\t\t\t\t<\/div>\n\t\t\t\t\t<\/div>\n\t\t<\/section>\n\t\t\t\t<section class=\"elementor-section elementor-top-section elementor-element elementor-element-e231077 elementor-section-boxed elementor-section-height-default elementor-section-height-default\" data-id=\"e231077\" data-element_type=\"section\">\n\t\t\t\t\t\t<div class=\"elementor-container elementor-column-gap-default\">\n\t\t\t\t\t\t\t<div class=\"elementor-row\">\n\t\t\t\t\t<div class=\"elementor-column elementor-col-33 elementor-top-column elementor-element elementor-element-361d4e4\" data-id=\"361d4e4\" data-element_type=\"column\">\n\t\t\t<div class=\"elementor-column-wrap elementor-element-populated\">\n\t\t\t\t\t\t\t<div class=\"elementor-widget-wrap\">\n\t\t\t\t\t\t<div class=\"elementor-element elementor-element-d0f4940 elementor-widget elementor-widget-heading\" data-id=\"d0f4940\" data-element_type=\"widget\" data-widget_type=\"heading.default\">\n\t\t\t\t<div class=\"elementor-widget-container\">\n\t\t\t<h2 class=\"elementor-heading-title elementor-size-default\">- 02\/02\/2019 : PARIS\/CHAMONIX: L'air, un bien commun? <\/h2>\t\t<\/div>\n\t\t\t\t<\/div>\n\t\t\t\t\t\t<\/div>\n\t\t\t\t\t<\/div>\n\t\t<\/div>\n\t\t\t\t<div class=\"elementor-column elementor-col-33 elementor-top-column elementor-element elementor-element-da64187\" data-id=\"da64187\" data-element_type=\"column\">\n\t\t\t<div class=\"elementor-column-wrap elementor-element-populated\">\n\t\t\t\t\t\t\t<div class=\"elementor-widget-wrap\">\n\t\t\t\t\t\t<div class=\"elementor-element elementor-element-eeb04fc elementor-widget elementor-widget-image\" data-id=\"eeb04fc\" data-element_type=\"widget\" data-widget_type=\"image.default\">\n\t\t\t\t<div class=\"elementor-widget-container\">\n\t\t\t\t\t\t\t\t<div class=\"elementor-image\">\n\t\t\t\t\t\t\t\t\t\t\t\t\t<a href=\"https:\/\/audioblog.arteradio.com\/blog\/98891\/podcast\/133728\/paris-chamonix-l-air-un-bien-commun\" target=\"_blank\">\n\t\t\t\t\t\t\t<img width=\"500\" height=\"500\" src=\"https:\/\/www.universitebiencommun.org\/wp-content\/uploads\/2021\/03\/artworks-000150223794-sb03ej-t500x500.jpg\" class=\"attachment-large size-large\" alt=\"\" loading=\"lazy\" srcset=\"https:\/\/www.universitebiencommun.org\/wp-content\/uploads\/2021\/03\/artworks-000150223794-sb03ej-t500x500.jpg 500w, https:\/\/www.universitebiencommun.org\/wp-content\/uploads\/2021\/03\/artworks-000150223794-sb03ej-t500x500-300x300.jpg 300w, https:\/\/www.universitebiencommun.org\/wp-content\/uploads\/2021\/03\/artworks-000150223794-sb03ej-t500x500-150x150.jpg 150w, https:\/\/www.universitebiencommun.org\/wp-content\/uploads\/2021\/03\/artworks-000150223794-sb03ej-t500x500-100x100.jpg 100w\" sizes=\"100vw\" \/>\t\t\t\t\t\t\t\t<\/a>\n\t\t\t\t\t\t\t\t\t\t\t\t\t\t<\/div>\n\t\t\t\t\t\t<\/div>\n\t\t\t\t<\/div>\n\t\t\t\t\t\t<\/div>\n\t\t\t\t\t<\/div>\n\t\t<\/div>\n\t\t\t\t<div class=\"elementor-column elementor-col-33 elementor-top-column elementor-element elementor-element-fe9ccb9\" data-id=\"fe9ccb9\" data-element_type=\"column\">\n\t\t\t<div class=\"elementor-column-wrap elementor-element-populated\">\n\t\t\t\t\t\t\t<div class=\"elementor-widget-wrap\">\n\t\t\t\t\t\t\t\t<\/div>\n\t\t\t\t\t<\/div>\n\t\t<\/div>\n\t\t\t\t\t\t\t\t<\/div>\n\t\t\t\t\t<\/div>\n\t\t<\/section>\n\t\t\t\t<section class=\"elementor-section elementor-top-section elementor-element elementor-element-0b3b173 elementor-section-boxed elementor-section-height-default elementor-section-height-default\" data-id=\"0b3b173\" data-element_type=\"section\">\n\t\t\t\t\t\t<div class=\"elementor-container elementor-column-gap-default\">\n\t\t\t\t\t\t\t<div class=\"elementor-row\">\n\t\t\t\t\t<div class=\"elementor-column elementor-col-33 elementor-top-column elementor-element elementor-element-101391e\" data-id=\"101391e\" data-element_type=\"column\">\n\t\t\t<div class=\"elementor-column-wrap elementor-element-populated\">\n\t\t\t\t\t\t\t<div class=\"elementor-widget-wrap\">\n\t\t\t\t\t\t<div class=\"elementor-element elementor-element-e45117f elementor-widget elementor-widget-heading\" data-id=\"e45117f\" data-element_type=\"widget\" data-widget_type=\"heading.default\">\n\t\t\t\t<div class=\"elementor-widget-container\">\n\t\t\t<h2 class=\"elementor-heading-title elementor-size-default\">- 09\/02\/2019 : BIENS COMMUNS, CRITIQUE DU NUMERIQUE ET ENJEUX DEMOCRATIQUES<\/h2>\t\t<\/div>\n\t\t\t\t<\/div>\n\t\t\t\t\t\t<\/div>\n\t\t\t\t\t<\/div>\n\t\t<\/div>\n\t\t\t\t<div class=\"elementor-column elementor-col-33 elementor-top-column elementor-element elementor-element-a5d23ea\" data-id=\"a5d23ea\" data-element_type=\"column\">\n\t\t\t<div class=\"elementor-column-wrap elementor-element-populated\">\n\t\t\t\t\t\t\t<div class=\"elementor-widget-wrap\">\n\t\t\t\t\t\t<div class=\"elementor-element elementor-element-da17fd3 elementor-widget elementor-widget-image\" data-id=\"da17fd3\" data-element_type=\"widget\" data-widget_type=\"image.default\">\n\t\t\t\t<div class=\"elementor-widget-container\">\n\t\t\t\t\t\t\t\t<div class=\"elementor-image\">\n\t\t\t\t\t\t\t\t\t\t\t\t\t<a href=\"https:\/\/audioblog.arteradio.com\/blog\/98891\/podcast\/134716\/biens-communs-critique-du-numerique-et-enjeux-democratiques\" target=\"_blank\">\n\t\t\t\t\t\t\t<img width=\"500\" height=\"500\" src=\"https:\/\/www.universitebiencommun.org\/wp-content\/uploads\/2021\/03\/artworks-000150223794-sb03ej-t500x500.jpg\" class=\"attachment-large size-large\" alt=\"\" loading=\"lazy\" srcset=\"https:\/\/www.universitebiencommun.org\/wp-content\/uploads\/2021\/03\/artworks-000150223794-sb03ej-t500x500.jpg 500w, https:\/\/www.universitebiencommun.org\/wp-content\/uploads\/2021\/03\/artworks-000150223794-sb03ej-t500x500-300x300.jpg 300w, https:\/\/www.universitebiencommun.org\/wp-content\/uploads\/2021\/03\/artworks-000150223794-sb03ej-t500x500-150x150.jpg 150w, https:\/\/www.universitebiencommun.org\/wp-content\/uploads\/2021\/03\/artworks-000150223794-sb03ej-t500x500-100x100.jpg 100w\" sizes=\"100vw\" \/>\t\t\t\t\t\t\t\t<\/a>\n\t\t\t\t\t\t\t\t\t\t\t\t\t\t<\/div>\n\t\t\t\t\t\t<\/div>\n\t\t\t\t<\/div>\n\t\t\t\t\t\t<\/div>\n\t\t\t\t\t<\/div>\n\t\t<\/div>\n\t\t\t\t<div class=\"elementor-column elementor-col-33 elementor-top-column elementor-element elementor-element-931265d\" data-id=\"931265d\" data-element_type=\"column\">\n\t\t\t<div class=\"elementor-column-wrap\">\n\t\t\t\t\t\t\t<div class=\"elementor-widget-wrap\">\n\t\t\t\t\t\t\t\t<\/div>\n\t\t\t\t\t<\/div>\n\t\t<\/div>\n\t\t\t\t\t\t\t\t<\/div>\n\t\t\t\t\t<\/div>\n\t\t<\/section>\n\t\t\t\t<section class=\"elementor-section elementor-top-section elementor-element elementor-element-228d119 elementor-section-boxed elementor-section-height-default elementor-section-height-default\" data-id=\"228d119\" data-element_type=\"section\">\n\t\t\t\t\t\t<div class=\"elementor-container elementor-column-gap-default\">\n\t\t\t\t\t\t\t<div class=\"elementor-row\">\n\t\t\t\t\t<div class=\"elementor-column elementor-col-33 elementor-top-column elementor-element elementor-element-29d0c19\" data-id=\"29d0c19\" data-element_type=\"column\">\n\t\t\t<div class=\"elementor-column-wrap elementor-element-populated\">\n\t\t\t\t\t\t\t<div class=\"elementor-widget-wrap\">\n\t\t\t\t\t\t<div class=\"elementor-element elementor-element-f2b02c3 elementor-widget elementor-widget-heading\" data-id=\"f2b02c3\" data-element_type=\"widget\" data-widget_type=\"heading.default\">\n\t\t\t\t<div class=\"elementor-widget-container\">\n\t\t\t<h2 class=\"elementor-heading-title elementor-size-default\">- 23\/03\/2019 : TRAVAIL ET COMMUN :\nRepenser  le concept de travail au XXIe si\u00e8cle au prisme du commun.<\/h2>\t\t<\/div>\n\t\t\t\t<\/div>\n\t\t\t\t\t\t<\/div>\n\t\t\t\t\t<\/div>\n\t\t<\/div>\n\t\t\t\t<div class=\"elementor-column elementor-col-33 elementor-top-column elementor-element elementor-element-4eaa652\" data-id=\"4eaa652\" data-element_type=\"column\">\n\t\t\t<div class=\"elementor-column-wrap elementor-element-populated\">\n\t\t\t\t\t\t\t<div class=\"elementor-widget-wrap\">\n\t\t\t\t\t\t<div class=\"elementor-element elementor-element-7431ef9 elementor-widget elementor-widget-image\" data-id=\"7431ef9\" data-element_type=\"widget\" data-widget_type=\"image.default\">\n\t\t\t\t<div class=\"elementor-widget-container\">\n\t\t\t\t\t\t\t\t<div class=\"elementor-image\">\n\t\t\t\t\t\t\t\t\t\t\t\t\t<a href=\"https:\/\/audioblog.arteradio.com\/blog\/98891\/podcast\/137534\/travail-et-commun\" target=\"_blank\">\n\t\t\t\t\t\t\t<img width=\"500\" height=\"500\" src=\"https:\/\/www.universitebiencommun.org\/wp-content\/uploads\/2021\/03\/artworks-000150223794-sb03ej-t500x500.jpg\" class=\"attachment-large size-large\" alt=\"\" loading=\"lazy\" srcset=\"https:\/\/www.universitebiencommun.org\/wp-content\/uploads\/2021\/03\/artworks-000150223794-sb03ej-t500x500.jpg 500w, https:\/\/www.universitebiencommun.org\/wp-content\/uploads\/2021\/03\/artworks-000150223794-sb03ej-t500x500-300x300.jpg 300w, https:\/\/www.universitebiencommun.org\/wp-content\/uploads\/2021\/03\/artworks-000150223794-sb03ej-t500x500-150x150.jpg 150w, https:\/\/www.universitebiencommun.org\/wp-content\/uploads\/2021\/03\/artworks-000150223794-sb03ej-t500x500-100x100.jpg 100w\" sizes=\"100vw\" \/>\t\t\t\t\t\t\t\t<\/a>\n\t\t\t\t\t\t\t\t\t\t\t\t\t\t<\/div>\n\t\t\t\t\t\t<\/div>\n\t\t\t\t<\/div>\n\t\t\t\t\t\t<\/div>\n\t\t\t\t\t<\/div>\n\t\t<\/div>\n\t\t\t\t<div class=\"elementor-column elementor-col-33 elementor-top-column elementor-element elementor-element-9d5dcd4\" data-id=\"9d5dcd4\" data-element_type=\"column\">\n\t\t\t<div class=\"elementor-column-wrap\">\n\t\t\t\t\t\t\t<div class=\"elementor-widget-wrap\">\n\t\t\t\t\t\t\t\t<\/div>\n\t\t\t\t\t<\/div>\n\t\t<\/div>\n\t\t\t\t\t\t\t\t<\/div>\n\t\t\t\t\t<\/div>\n\t\t<\/section>\n\t\t\t\t<section class=\"elementor-section elementor-top-section elementor-element elementor-element-5548a85 elementor-section-boxed elementor-section-height-default elementor-section-height-default\" data-id=\"5548a85\" data-element_type=\"section\">\n\t\t\t\t\t\t<div class=\"elementor-container elementor-column-gap-default\">\n\t\t\t\t\t\t\t<div class=\"elementor-row\">\n\t\t\t\t\t<div class=\"elementor-column elementor-col-25 elementor-top-column elementor-element elementor-element-a650e95\" data-id=\"a650e95\" data-element_type=\"column\">\n\t\t\t<div class=\"elementor-column-wrap elementor-element-populated\">\n\t\t\t\t\t\t\t<div class=\"elementor-widget-wrap\">\n\t\t\t\t\t\t<div class=\"elementor-element elementor-element-ca20c27 elementor-widget elementor-widget-heading\" data-id=\"ca20c27\" data-element_type=\"widget\" data-widget_type=\"heading.default\">\n\t\t\t\t<div class=\"elementor-widget-container\">\n\t\t\t<h2 class=\"elementor-heading-title elementor-size-default\">- 06\/04\/2019 : LE COMMUN ET LA NOTION DE RELATION<\/h2>\t\t<\/div>\n\t\t\t\t<\/div>\n\t\t\t\t\t\t<\/div>\n\t\t\t\t\t<\/div>\n\t\t<\/div>\n\t\t\t\t<div class=\"elementor-column elementor-col-25 elementor-top-column elementor-element elementor-element-f86e832\" data-id=\"f86e832\" data-element_type=\"column\">\n\t\t\t<div class=\"elementor-column-wrap elementor-element-populated\">\n\t\t\t\t\t\t\t<div class=\"elementor-widget-wrap\">\n\t\t\t\t\t\t<div class=\"elementor-element elementor-element-255efc2 elementor-widget elementor-widget-image\" data-id=\"255efc2\" data-element_type=\"widget\" data-widget_type=\"image.default\">\n\t\t\t\t<div class=\"elementor-widget-container\">\n\t\t\t\t\t\t\t\t<div class=\"elementor-image\">\n\t\t\t\t\t\t\t\t\t\t\t\t\t<a href=\"https:\/\/audioblog.arteradio.com\/blog\/98891\/podcast\/135540\/1-2-le-commun-et-la-notion-de-relation\" target=\"_blank\">\n\t\t\t\t\t\t\t<img width=\"500\" height=\"500\" src=\"https:\/\/www.universitebiencommun.org\/wp-content\/uploads\/2021\/03\/artworks-000150223794-sb03ej-t500x500.jpg\" class=\"attachment-large size-large\" alt=\"\" loading=\"lazy\" srcset=\"https:\/\/www.universitebiencommun.org\/wp-content\/uploads\/2021\/03\/artworks-000150223794-sb03ej-t500x500.jpg 500w, https:\/\/www.universitebiencommun.org\/wp-content\/uploads\/2021\/03\/artworks-000150223794-sb03ej-t500x500-300x300.jpg 300w, https:\/\/www.universitebiencommun.org\/wp-content\/uploads\/2021\/03\/artworks-000150223794-sb03ej-t500x500-150x150.jpg 150w, https:\/\/www.universitebiencommun.org\/wp-content\/uploads\/2021\/03\/artworks-000150223794-sb03ej-t500x500-100x100.jpg 100w\" sizes=\"100vw\" \/>\t\t\t\t\t\t\t\t<\/a>\n\t\t\t\t\t\t\t\t\t\t\t\t\t\t<\/div>\n\t\t\t\t\t\t<\/div>\n\t\t\t\t<\/div>\n\t\t\t\t<div class=\"elementor-element elementor-element-0a4cd1a elementor-widget elementor-widget-text-editor\" data-id=\"0a4cd1a\" data-element_type=\"widget\" data-widget_type=\"text-editor.default\">\n\t\t\t\t<div class=\"elementor-widget-container\">\n\t\t\t\t\t\t\t\t<div class=\"elementor-text-editor elementor-clearfix\">\n\t\t\t\t<p>Partie 1<\/p>\t\t\t\t\t<\/div>\n\t\t\t\t\t\t<\/div>\n\t\t\t\t<\/div>\n\t\t\t\t\t\t<\/div>\n\t\t\t\t\t<\/div>\n\t\t<\/div>\n\t\t\t\t<div class=\"elementor-column elementor-col-25 elementor-top-column elementor-element elementor-element-70f986b\" data-id=\"70f986b\" data-element_type=\"column\">\n\t\t\t<div class=\"elementor-column-wrap\">\n\t\t\t\t\t\t\t<div class=\"elementor-widget-wrap\">\n\t\t\t\t\t\t\t\t<\/div>\n\t\t\t\t\t<\/div>\n\t\t<\/div>\n\t\t\t\t<div class=\"elementor-column elementor-col-25 elementor-top-column elementor-element elementor-element-e584946\" data-id=\"e584946\" data-element_type=\"column\">\n\t\t\t<div class=\"elementor-column-wrap elementor-element-populated\">\n\t\t\t\t\t\t\t<div class=\"elementor-widget-wrap\">\n\t\t\t\t\t\t\t\t<\/div>\n\t\t\t\t\t<\/div>\n\t\t<\/div>\n\t\t\t\t\t\t\t\t<\/div>\n\t\t\t\t\t<\/div>\n\t\t<\/section>\n\t\t\t\t<section class=\"elementor-section elementor-top-section elementor-element elementor-element-14dbab8 elementor-section-boxed elementor-section-height-default elementor-section-height-default\" data-id=\"14dbab8\" data-element_type=\"section\">\n\t\t\t\t\t\t<div class=\"elementor-container elementor-column-gap-default\">\n\t\t\t\t\t\t\t<div class=\"elementor-row\">\n\t\t\t\t\t<div class=\"elementor-column elementor-col-33 elementor-top-column elementor-element elementor-element-cbc6513\" data-id=\"cbc6513\" data-element_type=\"column\">\n\t\t\t<div class=\"elementor-column-wrap elementor-element-populated\">\n\t\t\t\t\t\t\t<div class=\"elementor-widget-wrap\">\n\t\t\t\t\t\t<div class=\"elementor-element elementor-element-b77a9ad elementor-widget elementor-widget-heading\" data-id=\"b77a9ad\" data-element_type=\"widget\" data-widget_type=\"heading.default\">\n\t\t\t\t<div class=\"elementor-widget-container\">\n\t\t\t<h2 class=\"elementor-heading-title elementor-size-default\">- 18\/05\/2019 : LES COMMUNS AU PRISME DES \"DROITS DE LA NATURE\"\nHUMAINS ET NON-HUMAINS : Vers de nouveaux agencements socio-\u00e9cologiques.<\/h2>\t\t<\/div>\n\t\t\t\t<\/div>\n\t\t\t\t\t\t<\/div>\n\t\t\t\t\t<\/div>\n\t\t<\/div>\n\t\t\t\t<div class=\"elementor-column elementor-col-33 elementor-top-column elementor-element elementor-element-657cce3\" data-id=\"657cce3\" data-element_type=\"column\">\n\t\t\t<div class=\"elementor-column-wrap elementor-element-populated\">\n\t\t\t\t\t\t\t<div class=\"elementor-widget-wrap\">\n\t\t\t\t\t\t<div class=\"elementor-element elementor-element-d5e6ee0 elementor-widget elementor-widget-image\" data-id=\"d5e6ee0\" data-element_type=\"widget\" data-widget_type=\"image.default\">\n\t\t\t\t<div class=\"elementor-widget-container\">\n\t\t\t\t\t\t\t\t<div class=\"elementor-image\">\n\t\t\t\t\t\t\t\t\t\t\t\t\t<a href=\"https:\/\/audioblog.arteradio.com\/blog\/98891\/podcast\/140114\/les-communs-au-prisme-des-droits-de-la-nature\" target=\"_blank\">\n\t\t\t\t\t\t\t<img width=\"500\" height=\"500\" src=\"https:\/\/www.universitebiencommun.org\/wp-content\/uploads\/2021\/03\/artworks-000150223794-sb03ej-t500x500.jpg\" class=\"attachment-large size-large\" alt=\"\" loading=\"lazy\" srcset=\"https:\/\/www.universitebiencommun.org\/wp-content\/uploads\/2021\/03\/artworks-000150223794-sb03ej-t500x500.jpg 500w, https:\/\/www.universitebiencommun.org\/wp-content\/uploads\/2021\/03\/artworks-000150223794-sb03ej-t500x500-300x300.jpg 300w, https:\/\/www.universitebiencommun.org\/wp-content\/uploads\/2021\/03\/artworks-000150223794-sb03ej-t500x500-150x150.jpg 150w, https:\/\/www.universitebiencommun.org\/wp-content\/uploads\/2021\/03\/artworks-000150223794-sb03ej-t500x500-100x100.jpg 100w\" sizes=\"100vw\" \/>\t\t\t\t\t\t\t\t<\/a>\n\t\t\t\t\t\t\t\t\t\t\t\t\t\t<\/div>\n\t\t\t\t\t\t<\/div>\n\t\t\t\t<\/div>\n\t\t\t\t\t\t<\/div>\n\t\t\t\t\t<\/div>\n\t\t<\/div>\n\t\t\t\t<div class=\"elementor-column elementor-col-33 elementor-top-column elementor-element elementor-element-ddd25cd\" data-id=\"ddd25cd\" data-element_type=\"column\">\n\t\t\t<div class=\"elementor-column-wrap elementor-element-populated\">\n\t\t\t\t\t\t\t<div class=\"elementor-widget-wrap\">\n\t\t\t\t\t\t\t\t<\/div>\n\t\t\t\t\t<\/div>\n\t\t<\/div>\n\t\t\t\t\t\t\t\t<\/div>\n\t\t\t\t\t<\/div>\n\t\t<\/section>\n\t\t\t\t<section class=\"elementor-section elementor-top-section elementor-element elementor-element-8d44cd6 elementor-section-boxed elementor-section-height-default elementor-section-height-default\" data-id=\"8d44cd6\" data-element_type=\"section\">\n\t\t\t\t\t\t<div class=\"elementor-container elementor-column-gap-default\">\n\t\t\t\t\t\t\t<div class=\"elementor-row\">\n\t\t\t\t\t<div class=\"elementor-column elementor-col-33 elementor-top-column elementor-element elementor-element-c93358a\" data-id=\"c93358a\" data-element_type=\"column\">\n\t\t\t<div class=\"elementor-column-wrap elementor-element-populated\">\n\t\t\t\t\t\t\t<div class=\"elementor-widget-wrap\">\n\t\t\t\t\t\t<div class=\"elementor-element elementor-element-fd69e57 elementor-widget elementor-widget-heading\" data-id=\"fd69e57\" data-element_type=\"widget\" data-widget_type=\"heading.default\">\n\t\t\t\t<div class=\"elementor-widget-container\">\n\t\t\t<h2 class=\"elementor-heading-title elementor-size-default\">- 12\/10\/2019 : LES FORETS : Un bien commun \u00e0 prot\u00e9ger.<\/h2>\t\t<\/div>\n\t\t\t\t<\/div>\n\t\t\t\t\t\t<\/div>\n\t\t\t\t\t<\/div>\n\t\t<\/div>\n\t\t\t\t<div class=\"elementor-column elementor-col-33 elementor-top-column elementor-element elementor-element-0a31247\" data-id=\"0a31247\" data-element_type=\"column\">\n\t\t\t<div class=\"elementor-column-wrap elementor-element-populated\">\n\t\t\t\t\t\t\t<div class=\"elementor-widget-wrap\">\n\t\t\t\t\t\t<div class=\"elementor-element elementor-element-6728272 elementor-widget elementor-widget-image\" data-id=\"6728272\" data-element_type=\"widget\" data-widget_type=\"image.default\">\n\t\t\t\t<div class=\"elementor-widget-container\">\n\t\t\t\t\t\t\t\t<div class=\"elementor-image\">\n\t\t\t\t\t\t\t\t\t\t\t\t\t<a href=\"https:\/\/audioblog.arteradio.com\/blog\/98891\/podcast\/139515\/1-2-les-forets-un-bien-commun-a-proteger\" target=\"_blank\">\n\t\t\t\t\t\t\t<img width=\"500\" height=\"500\" src=\"https:\/\/www.universitebiencommun.org\/wp-content\/uploads\/2021\/03\/artworks-000150223794-sb03ej-t500x500.jpg\" class=\"attachment-large size-large\" alt=\"\" loading=\"lazy\" srcset=\"https:\/\/www.universitebiencommun.org\/wp-content\/uploads\/2021\/03\/artworks-000150223794-sb03ej-t500x500.jpg 500w, https:\/\/www.universitebiencommun.org\/wp-content\/uploads\/2021\/03\/artworks-000150223794-sb03ej-t500x500-300x300.jpg 300w, https:\/\/www.universitebiencommun.org\/wp-content\/uploads\/2021\/03\/artworks-000150223794-sb03ej-t500x500-150x150.jpg 150w, https:\/\/www.universitebiencommun.org\/wp-content\/uploads\/2021\/03\/artworks-000150223794-sb03ej-t500x500-100x100.jpg 100w\" sizes=\"100vw\" \/>\t\t\t\t\t\t\t\t<\/a>\n\t\t\t\t\t\t\t\t\t\t\t\t\t\t<\/div>\n\t\t\t\t\t\t<\/div>\n\t\t\t\t<\/div>\n\t\t\t\t\t\t<\/div>\n\t\t\t\t\t<\/div>\n\t\t<\/div>\n\t\t\t\t<div class=\"elementor-column elementor-col-33 elementor-top-column elementor-element elementor-element-cdc49d4\" data-id=\"cdc49d4\" data-element_type=\"column\">\n\t\t\t<div class=\"elementor-column-wrap elementor-element-populated\">\n\t\t\t\t\t\t\t<div class=\"elementor-widget-wrap\">\n\t\t\t\t\t\t\t\t<\/div>\n\t\t\t\t\t<\/div>\n\t\t<\/div>\n\t\t\t\t\t\t\t\t<\/div>\n\t\t\t\t\t<\/div>\n\t\t<\/section>\n\t\t\t\t<section class=\"elementor-section elementor-top-section elementor-element elementor-element-78f14c1 elementor-section-boxed elementor-section-height-default elementor-section-height-default\" data-id=\"78f14c1\" data-element_type=\"section\">\n\t\t\t\t\t\t<div class=\"elementor-container elementor-column-gap-default\">\n\t\t\t\t\t\t\t<div class=\"elementor-row\">\n\t\t\t\t\t<div class=\"elementor-column elementor-col-33 elementor-top-column elementor-element elementor-element-2a1660f\" data-id=\"2a1660f\" data-element_type=\"column\">\n\t\t\t<div class=\"elementor-column-wrap elementor-element-populated\">\n\t\t\t\t\t\t\t<div class=\"elementor-widget-wrap\">\n\t\t\t\t\t\t<div class=\"elementor-element elementor-element-5ff0999 elementor-widget elementor-widget-heading\" data-id=\"5ff0999\" data-element_type=\"widget\" data-widget_type=\"heading.default\">\n\t\t\t\t<div class=\"elementor-widget-container\">\n\t\t\t<h2 class=\"elementor-heading-title elementor-size-default\">- 23\/11\/2019 : AUTOSUFFISANCE ALIMENTAIRE : Les d\u00e9fis de l'agriculture et de l'agro-\u00e9cologie urbaine et rurale au devant des risques climatiques.<\/h2>\t\t<\/div>\n\t\t\t\t<\/div>\n\t\t\t\t\t\t<\/div>\n\t\t\t\t\t<\/div>\n\t\t<\/div>\n\t\t\t\t<div class=\"elementor-column elementor-col-33 elementor-top-column elementor-element elementor-element-3631141\" data-id=\"3631141\" data-element_type=\"column\">\n\t\t\t<div class=\"elementor-column-wrap elementor-element-populated\">\n\t\t\t\t\t\t\t<div class=\"elementor-widget-wrap\">\n\t\t\t\t\t\t<div class=\"elementor-element elementor-element-d470aed elementor-widget elementor-widget-image\" data-id=\"d470aed\" data-element_type=\"widget\" data-widget_type=\"image.default\">\n\t\t\t\t<div class=\"elementor-widget-container\">\n\t\t\t\t\t\t\t\t<div class=\"elementor-image\">\n\t\t\t\t\t\t\t\t\t\t\t\t\t<a href=\"https:\/\/audioblog.arteradio.com\/blog\/98891\/podcast\/140980\/autosuffisance-alimentaire-les-defis-de-l-agriculture-urbaine-et-rurale-au-devant-des-risques-climatiques\" target=\"_blank\">\n\t\t\t\t\t\t\t<img width=\"500\" height=\"500\" src=\"https:\/\/www.universitebiencommun.org\/wp-content\/uploads\/2021\/03\/artworks-000150223794-sb03ej-t500x500.jpg\" class=\"attachment-large size-large\" alt=\"\" loading=\"lazy\" srcset=\"https:\/\/www.universitebiencommun.org\/wp-content\/uploads\/2021\/03\/artworks-000150223794-sb03ej-t500x500.jpg 500w, https:\/\/www.universitebiencommun.org\/wp-content\/uploads\/2021\/03\/artworks-000150223794-sb03ej-t500x500-300x300.jpg 300w, https:\/\/www.universitebiencommun.org\/wp-content\/uploads\/2021\/03\/artworks-000150223794-sb03ej-t500x500-150x150.jpg 150w, https:\/\/www.universitebiencommun.org\/wp-content\/uploads\/2021\/03\/artworks-000150223794-sb03ej-t500x500-100x100.jpg 100w\" sizes=\"100vw\" \/>\t\t\t\t\t\t\t\t<\/a>\n\t\t\t\t\t\t\t\t\t\t\t\t\t\t<\/div>\n\t\t\t\t\t\t<\/div>\n\t\t\t\t<\/div>\n\t\t\t\t\t\t<\/div>\n\t\t\t\t\t<\/div>\n\t\t<\/div>\n\t\t\t\t<div class=\"elementor-column elementor-col-33 elementor-top-column elementor-element elementor-element-59c0a71\" data-id=\"59c0a71\" data-element_type=\"column\">\n\t\t\t<div class=\"elementor-column-wrap elementor-element-populated\">\n\t\t\t\t\t\t\t<div class=\"elementor-widget-wrap\">\n\t\t\t\t\t\t\t\t<\/div>\n\t\t\t\t\t<\/div>\n\t\t<\/div>\n\t\t\t\t\t\t\t\t<\/div>\n\t\t\t\t\t<\/div>\n\t\t<\/section>\n\t\t\t\t<section class=\"elementor-section elementor-top-section elementor-element elementor-element-c5a6cbb elementor-section-boxed elementor-section-height-default elementor-section-height-default\" data-id=\"c5a6cbb\" data-element_type=\"section\">\n\t\t\t\t\t\t<div class=\"elementor-container elementor-column-gap-default\">\n\t\t\t\t\t\t\t<div class=\"elementor-row\">\n\t\t\t\t\t<div class=\"elementor-column elementor-col-25 elementor-top-column elementor-element elementor-element-4f28b4c\" data-id=\"4f28b4c\" data-element_type=\"column\">\n\t\t\t<div class=\"elementor-column-wrap elementor-element-populated\">\n\t\t\t\t\t\t\t<div class=\"elementor-widget-wrap\">\n\t\t\t\t\t\t<div class=\"elementor-element elementor-element-24d5375 elementor-widget elementor-widget-heading\" data-id=\"24d5375\" data-element_type=\"widget\" data-widget_type=\"heading.default\">\n\t\t\t\t<div class=\"elementor-widget-container\">\n\t\t\t<h2 class=\"elementor-heading-title elementor-size-default\">- 07\/12\/2019 : MARCHANDISATION ET PRIVATISATION DU VIVANT : Appropriation des communs naturels et des savoirs associ\u00e9s.<\/h2>\t\t<\/div>\n\t\t\t\t<\/div>\n\t\t\t\t\t\t<\/div>\n\t\t\t\t\t<\/div>\n\t\t<\/div>\n\t\t\t\t<div class=\"elementor-column elementor-col-25 elementor-top-column elementor-element elementor-element-533ade7\" data-id=\"533ade7\" data-element_type=\"column\">\n\t\t\t<div class=\"elementor-column-wrap elementor-element-populated\">\n\t\t\t\t\t\t\t<div class=\"elementor-widget-wrap\">\n\t\t\t\t\t\t<div class=\"elementor-element elementor-element-811c1fe elementor-widget elementor-widget-image\" data-id=\"811c1fe\" data-element_type=\"widget\" data-widget_type=\"image.default\">\n\t\t\t\t<div class=\"elementor-widget-container\">\n\t\t\t\t\t\t\t\t<div class=\"elementor-image\">\n\t\t\t\t\t\t\t\t\t\t\t\t\t<a href=\"https:\/\/audioblog.arteradio.com\/blog\/98891\/podcast\/141899\/1-2-marchandisation-et-privatisation-du-vivant-appropriation-des-communs-naturels-et-des-savoirs-associes\" target=\"_blank\">\n\t\t\t\t\t\t\t<img width=\"500\" height=\"500\" src=\"https:\/\/www.universitebiencommun.org\/wp-content\/uploads\/2021\/03\/artworks-000150223794-sb03ej-t500x500.jpg\" class=\"attachment-large size-large\" alt=\"\" loading=\"lazy\" srcset=\"https:\/\/www.universitebiencommun.org\/wp-content\/uploads\/2021\/03\/artworks-000150223794-sb03ej-t500x500.jpg 500w, https:\/\/www.universitebiencommun.org\/wp-content\/uploads\/2021\/03\/artworks-000150223794-sb03ej-t500x500-300x300.jpg 300w, https:\/\/www.universitebiencommun.org\/wp-content\/uploads\/2021\/03\/artworks-000150223794-sb03ej-t500x500-150x150.jpg 150w, https:\/\/www.universitebiencommun.org\/wp-content\/uploads\/2021\/03\/artworks-000150223794-sb03ej-t500x500-100x100.jpg 100w\" sizes=\"100vw\" \/>\t\t\t\t\t\t\t\t<\/a>\n\t\t\t\t\t\t\t\t\t\t\t\t\t\t<\/div>\n\t\t\t\t\t\t<\/div>\n\t\t\t\t<\/div>\n\t\t\t\t<div class=\"elementor-element elementor-element-9eac55e elementor-widget elementor-widget-text-editor\" data-id=\"9eac55e\" data-element_type=\"widget\" data-widget_type=\"text-editor.default\">\n\t\t\t\t<div class=\"elementor-widget-container\">\n\t\t\t\t\t\t\t\t<div class=\"elementor-text-editor elementor-clearfix\">\n\t\t\t\t<p>Partie 1<\/p>\t\t\t\t\t<\/div>\n\t\t\t\t\t\t<\/div>\n\t\t\t\t<\/div>\n\t\t\t\t\t\t<\/div>\n\t\t\t\t\t<\/div>\n\t\t<\/div>\n\t\t\t\t<div class=\"elementor-column elementor-col-25 elementor-top-column elementor-element elementor-element-08f5b68\" data-id=\"08f5b68\" data-element_type=\"column\">\n\t\t\t<div class=\"elementor-column-wrap elementor-element-populated\">\n\t\t\t\t\t\t\t<div class=\"elementor-widget-wrap\">\n\t\t\t\t\t\t<div class=\"elementor-element elementor-element-4b5ccf7 elementor-widget elementor-widget-image\" data-id=\"4b5ccf7\" data-element_type=\"widget\" data-widget_type=\"image.default\">\n\t\t\t\t<div class=\"elementor-widget-container\">\n\t\t\t\t\t\t\t\t<div class=\"elementor-image\">\n\t\t\t\t\t\t\t\t\t\t\t\t\t<a href=\"https:\/\/audioblog.arteradio.com\/blog\/98891\/podcast\/142748\/2-2-marchandisation-et-privatisation-du-vivant-appropriation-des-communs-naturels-et-des-savoirs-associes\" target=\"_blank\">\n\t\t\t\t\t\t\t<img width=\"500\" height=\"500\" src=\"https:\/\/www.universitebiencommun.org\/wp-content\/uploads\/2021\/03\/artworks-000150223794-sb03ej-t500x500.jpg\" class=\"attachment-large size-large\" alt=\"\" loading=\"lazy\" srcset=\"https:\/\/www.universitebiencommun.org\/wp-content\/uploads\/2021\/03\/artworks-000150223794-sb03ej-t500x500.jpg 500w, https:\/\/www.universitebiencommun.org\/wp-content\/uploads\/2021\/03\/artworks-000150223794-sb03ej-t500x500-300x300.jpg 300w, https:\/\/www.universitebiencommun.org\/wp-content\/uploads\/2021\/03\/artworks-000150223794-sb03ej-t500x500-150x150.jpg 150w, https:\/\/www.universitebiencommun.org\/wp-content\/uploads\/2021\/03\/artworks-000150223794-sb03ej-t500x500-100x100.jpg 100w\" sizes=\"100vw\" \/>\t\t\t\t\t\t\t\t<\/a>\n\t\t\t\t\t\t\t\t\t\t\t\t\t\t<\/div>\n\t\t\t\t\t\t<\/div>\n\t\t\t\t<\/div>\n\t\t\t\t<div class=\"elementor-element elementor-element-967f43a elementor-widget elementor-widget-text-editor\" data-id=\"967f43a\" data-element_type=\"widget\" data-widget_type=\"text-editor.default\">\n\t\t\t\t<div class=\"elementor-widget-container\">\n\t\t\t\t\t\t\t\t<div class=\"elementor-text-editor elementor-clearfix\">\n\t\t\t\t<p>Partie 2<\/p>\t\t\t\t\t<\/div>\n\t\t\t\t\t\t<\/div>\n\t\t\t\t<\/div>\n\t\t\t\t\t\t<\/div>\n\t\t\t\t\t<\/div>\n\t\t<\/div>\n\t\t\t\t<div class=\"elementor-column elementor-col-25 elementor-top-column elementor-element elementor-element-aae79ce\" data-id=\"aae79ce\" data-element_type=\"column\">\n\t\t\t<div class=\"elementor-column-wrap elementor-element-populated\">\n\t\t\t\t\t\t\t<div class=\"elementor-widget-wrap\">\n\t\t\t\t\t\t\t\t<\/div>\n\t\t\t\t\t<\/div>\n\t\t<\/div>\n\t\t\t\t\t\t\t\t<\/div>\n\t\t\t\t\t<\/div>\n\t\t<\/section>\n\t\t\t\t<section class=\"elementor-section elementor-top-section elementor-element elementor-element-8519250 elementor-section-boxed elementor-section-height-default elementor-section-height-default\" data-id=\"8519250\" data-element_type=\"section\">\n\t\t\t\t\t\t<div class=\"elementor-container elementor-column-gap-default\">\n\t\t\t\t\t\t\t<div class=\"elementor-row\">\n\t\t\t\t\t<div class=\"elementor-column elementor-col-25 elementor-top-column elementor-element elementor-element-ac7cdca\" data-id=\"ac7cdca\" data-element_type=\"column\">\n\t\t\t<div class=\"elementor-column-wrap elementor-element-populated\">\n\t\t\t\t\t\t\t<div class=\"elementor-widget-wrap\">\n\t\t\t\t\t\t<div class=\"elementor-element elementor-element-fe2471a elementor-widget elementor-widget-heading\" data-id=\"fe2471a\" data-element_type=\"widget\" data-widget_type=\"heading.default\">\n\t\t\t\t<div class=\"elementor-widget-container\">\n\t\t\t<h2 class=\"elementor-heading-title elementor-size-default\">- 13\/01\/2018 : LA TECHNOLOGISATION DE LA VIE ET SES CONSEQUENCES SUR LES BIENS COMMUNS\nLESTECHNOSCIENCES EN DEMOCRATIE<\/h2>\t\t<\/div>\n\t\t\t\t<\/div>\n\t\t\t\t\t\t<\/div>\n\t\t\t\t\t<\/div>\n\t\t<\/div>\n\t\t\t\t<div class=\"elementor-column elementor-col-25 elementor-top-column elementor-element elementor-element-4a2ad63\" data-id=\"4a2ad63\" data-element_type=\"column\">\n\t\t\t<div class=\"elementor-column-wrap elementor-element-populated\">\n\t\t\t\t\t\t\t<div class=\"elementor-widget-wrap\">\n\t\t\t\t\t\t<div class=\"elementor-element elementor-element-3dab0b1 elementor-widget elementor-widget-image\" data-id=\"3dab0b1\" data-element_type=\"widget\" data-widget_type=\"image.default\">\n\t\t\t\t<div class=\"elementor-widget-container\">\n\t\t\t\t\t\t\t\t<div class=\"elementor-image\">\n\t\t\t\t\t\t\t\t\t\t\t\t\t<a href=\"https:\/\/audioblog.arteradio.com\/blog\/98891\/podcast\/133778\/1-2-la-technologisation-de-la-vie-et-ses-consequences-sur-les-biens-communs-les-technosciences-en-democratie\" target=\"_blank\">\n\t\t\t\t\t\t\t<img width=\"500\" height=\"500\" src=\"https:\/\/www.universitebiencommun.org\/wp-content\/uploads\/2021\/03\/artworks-000150223794-sb03ej-t500x500.jpg\" class=\"attachment-large size-large\" alt=\"\" loading=\"lazy\" srcset=\"https:\/\/www.universitebiencommun.org\/wp-content\/uploads\/2021\/03\/artworks-000150223794-sb03ej-t500x500.jpg 500w, https:\/\/www.universitebiencommun.org\/wp-content\/uploads\/2021\/03\/artworks-000150223794-sb03ej-t500x500-300x300.jpg 300w, https:\/\/www.universitebiencommun.org\/wp-content\/uploads\/2021\/03\/artworks-000150223794-sb03ej-t500x500-150x150.jpg 150w, https:\/\/www.universitebiencommun.org\/wp-content\/uploads\/2021\/03\/artworks-000150223794-sb03ej-t500x500-100x100.jpg 100w\" sizes=\"100vw\" \/>\t\t\t\t\t\t\t\t<\/a>\n\t\t\t\t\t\t\t\t\t\t\t\t\t\t<\/div>\n\t\t\t\t\t\t<\/div>\n\t\t\t\t<\/div>\n\t\t\t\t<div class=\"elementor-element elementor-element-688e183 elementor-widget elementor-widget-text-editor\" data-id=\"688e183\" data-element_type=\"widget\" data-widget_type=\"text-editor.default\">\n\t\t\t\t<div class=\"elementor-widget-container\">\n\t\t\t\t\t\t\t\t<div class=\"elementor-text-editor elementor-clearfix\">\n\t\t\t\t<p>Partie 1<\/p>\t\t\t\t\t<\/div>\n\t\t\t\t\t\t<\/div>\n\t\t\t\t<\/div>\n\t\t\t\t\t\t<\/div>\n\t\t\t\t\t<\/div>\n\t\t<\/div>\n\t\t\t\t<div class=\"elementor-column elementor-col-25 elementor-top-column elementor-element elementor-element-9c215b9\" data-id=\"9c215b9\" data-element_type=\"column\">\n\t\t\t<div class=\"elementor-column-wrap elementor-element-populated\">\n\t\t\t\t\t\t\t<div class=\"elementor-widget-wrap\">\n\t\t\t\t\t\t<div class=\"elementor-element elementor-element-415b396 elementor-widget elementor-widget-image\" data-id=\"415b396\" data-element_type=\"widget\" data-widget_type=\"image.default\">\n\t\t\t\t<div class=\"elementor-widget-container\">\n\t\t\t\t\t\t\t\t<div class=\"elementor-image\">\n\t\t\t\t\t\t\t\t\t\t\t\t\t<a href=\"https:\/\/audioblog.arteradio.com\/blog\/98891\/podcast\/133784\/2-2-la-technologisation-de-la-vie-et-ses-consequences-sur-les-biens-communs-les-technosciences-en-democratie\" target=\"_blank\">\n\t\t\t\t\t\t\t<img width=\"500\" height=\"500\" src=\"https:\/\/www.universitebiencommun.org\/wp-content\/uploads\/2021\/03\/artworks-000150223794-sb03ej-t500x500.jpg\" class=\"attachment-large size-large\" alt=\"\" loading=\"lazy\" srcset=\"https:\/\/www.universitebiencommun.org\/wp-content\/uploads\/2021\/03\/artworks-000150223794-sb03ej-t500x500.jpg 500w, https:\/\/www.universitebiencommun.org\/wp-content\/uploads\/2021\/03\/artworks-000150223794-sb03ej-t500x500-300x300.jpg 300w, https:\/\/www.universitebiencommun.org\/wp-content\/uploads\/2021\/03\/artworks-000150223794-sb03ej-t500x500-150x150.jpg 150w, https:\/\/www.universitebiencommun.org\/wp-content\/uploads\/2021\/03\/artworks-000150223794-sb03ej-t500x500-100x100.jpg 100w\" sizes=\"100vw\" \/>\t\t\t\t\t\t\t\t<\/a>\n\t\t\t\t\t\t\t\t\t\t\t\t\t\t<\/div>\n\t\t\t\t\t\t<\/div>\n\t\t\t\t<\/div>\n\t\t\t\t<div class=\"elementor-element elementor-element-b7dc9cd elementor-widget elementor-widget-text-editor\" data-id=\"b7dc9cd\" data-element_type=\"widget\" data-widget_type=\"text-editor.default\">\n\t\t\t\t<div class=\"elementor-widget-container\">\n\t\t\t\t\t\t\t\t<div class=\"elementor-text-editor elementor-clearfix\">\n\t\t\t\t<p>Partie 2<\/p>\t\t\t\t\t<\/div>\n\t\t\t\t\t\t<\/div>\n\t\t\t\t<\/div>\n\t\t\t\t\t\t<\/div>\n\t\t\t\t\t<\/div>\n\t\t<\/div>\n\t\t\t\t<div class=\"elementor-column elementor-col-25 elementor-top-column elementor-element elementor-element-e5c672d\" data-id=\"e5c672d\" data-element_type=\"column\">\n\t\t\t<div class=\"elementor-column-wrap elementor-element-populated\">\n\t\t\t\t\t\t\t<div class=\"elementor-widget-wrap\">\n\t\t\t\t\t\t\t\t<\/div>\n\t\t\t\t\t<\/div>\n\t\t<\/div>\n\t\t\t\t\t\t\t\t<\/div>\n\t\t\t\t\t<\/div>\n\t\t<\/section>\n\t\t\t\t<section class=\"elementor-section elementor-top-section elementor-element elementor-element-33af398 elementor-section-boxed elementor-section-height-default elementor-section-height-default\" data-id=\"33af398\" data-element_type=\"section\">\n\t\t\t\t\t\t<div class=\"elementor-container elementor-column-gap-default\">\n\t\t\t\t\t\t\t<div class=\"elementor-row\">\n\t\t\t\t\t<div class=\"elementor-column elementor-col-33 elementor-top-column elementor-element elementor-element-d5ef3ea\" data-id=\"d5ef3ea\" data-element_type=\"column\">\n\t\t\t<div class=\"elementor-column-wrap elementor-element-populated\">\n\t\t\t\t\t\t\t<div class=\"elementor-widget-wrap\">\n\t\t\t\t\t\t<div class=\"elementor-element elementor-element-db3cda7 elementor-widget elementor-widget-heading\" data-id=\"db3cda7\" data-element_type=\"widget\" data-widget_type=\"heading.default\">\n\t\t\t\t<div class=\"elementor-widget-container\">\n\t\t\t<h2 class=\"elementor-heading-title elementor-size-default\">- 10\/02\/2018 : LA BIODIVERSIT\u00c9 CULTIV\u00c9E: Un bien commun ?\nDes savoirs techniques et relationnels dans les constructions du rapport au vivant circulation et partage des g\u00e8nes et des semences paysannes...<\/h2>\t\t<\/div>\n\t\t\t\t<\/div>\n\t\t\t\t\t\t<\/div>\n\t\t\t\t\t<\/div>\n\t\t<\/div>\n\t\t\t\t<div class=\"elementor-column elementor-col-33 elementor-top-column elementor-element elementor-element-e0f969d\" data-id=\"e0f969d\" data-element_type=\"column\">\n\t\t\t<div class=\"elementor-column-wrap elementor-element-populated\">\n\t\t\t\t\t\t\t<div class=\"elementor-widget-wrap\">\n\t\t\t\t\t\t<div class=\"elementor-element elementor-element-1930784 elementor-widget elementor-widget-image\" data-id=\"1930784\" data-element_type=\"widget\" data-widget_type=\"image.default\">\n\t\t\t\t<div class=\"elementor-widget-container\">\n\t\t\t\t\t\t\t\t<div class=\"elementor-image\">\n\t\t\t\t\t\t\t\t\t\t\t\t\t<a href=\"https:\/\/audioblog.arteradio.com\/blog\/98891\/podcast\/133786\/la-biodiversite-cultivee-un-bien-commun\" target=\"_blank\">\n\t\t\t\t\t\t\t<img width=\"500\" height=\"500\" src=\"https:\/\/www.universitebiencommun.org\/wp-content\/uploads\/2021\/03\/artworks-000150223794-sb03ej-t500x500.jpg\" class=\"attachment-large size-large\" alt=\"\" loading=\"lazy\" srcset=\"https:\/\/www.universitebiencommun.org\/wp-content\/uploads\/2021\/03\/artworks-000150223794-sb03ej-t500x500.jpg 500w, https:\/\/www.universitebiencommun.org\/wp-content\/uploads\/2021\/03\/artworks-000150223794-sb03ej-t500x500-300x300.jpg 300w, https:\/\/www.universitebiencommun.org\/wp-content\/uploads\/2021\/03\/artworks-000150223794-sb03ej-t500x500-150x150.jpg 150w, https:\/\/www.universitebiencommun.org\/wp-content\/uploads\/2021\/03\/artworks-000150223794-sb03ej-t500x500-100x100.jpg 100w\" sizes=\"100vw\" \/>\t\t\t\t\t\t\t\t<\/a>\n\t\t\t\t\t\t\t\t\t\t\t\t\t\t<\/div>\n\t\t\t\t\t\t<\/div>\n\t\t\t\t<\/div>\n\t\t\t\t\t\t<\/div>\n\t\t\t\t\t<\/div>\n\t\t<\/div>\n\t\t\t\t<div class=\"elementor-column elementor-col-33 elementor-top-column elementor-element elementor-element-9d5560c\" data-id=\"9d5560c\" data-element_type=\"column\">\n\t\t\t<div class=\"elementor-column-wrap elementor-element-populated\">\n\t\t\t\t\t\t\t<div class=\"elementor-widget-wrap\">\n\t\t\t\t\t\t\t\t<\/div>\n\t\t\t\t\t<\/div>\n\t\t<\/div>\n\t\t\t\t\t\t\t\t<\/div>\n\t\t\t\t\t<\/div>\n\t\t<\/section>\n\t\t\t\t<section class=\"elementor-section elementor-top-section elementor-element elementor-element-d0ebade elementor-section-boxed elementor-section-height-default elementor-section-height-default\" data-id=\"d0ebade\" data-element_type=\"section\">\n\t\t\t\t\t\t<div class=\"elementor-container elementor-column-gap-default\">\n\t\t\t\t\t\t\t<div class=\"elementor-row\">\n\t\t\t\t\t<div class=\"elementor-column elementor-col-33 elementor-top-column elementor-element elementor-element-aa72c76\" data-id=\"aa72c76\" data-element_type=\"column\">\n\t\t\t<div class=\"elementor-column-wrap elementor-element-populated\">\n\t\t\t\t\t\t\t<div class=\"elementor-widget-wrap\">\n\t\t\t\t\t\t<div class=\"elementor-element elementor-element-15232ed elementor-widget elementor-widget-heading\" data-id=\"15232ed\" data-element_type=\"widget\" data-widget_type=\"heading.default\">\n\t\t\t\t<div class=\"elementor-widget-container\">\n\t\t\t<h2 class=\"elementor-heading-title elementor-size-default\">- 24\/03\/2018 : LES SAVOIRS AUTOCHTONES: : Des biens communs face \u00e0 la privatisation du vivant et l\u2019accaparement des terres.<\/h2>\t\t<\/div>\n\t\t\t\t<\/div>\n\t\t\t\t\t\t<\/div>\n\t\t\t\t\t<\/div>\n\t\t<\/div>\n\t\t\t\t<div class=\"elementor-column elementor-col-33 elementor-top-column elementor-element elementor-element-4809c7e\" data-id=\"4809c7e\" data-element_type=\"column\">\n\t\t\t<div class=\"elementor-column-wrap elementor-element-populated\">\n\t\t\t\t\t\t\t<div class=\"elementor-widget-wrap\">\n\t\t\t\t\t\t<div class=\"elementor-element elementor-element-4bac9a2 elementor-widget elementor-widget-image\" data-id=\"4bac9a2\" data-element_type=\"widget\" data-widget_type=\"image.default\">\n\t\t\t\t<div class=\"elementor-widget-container\">\n\t\t\t\t\t\t\t\t<div class=\"elementor-image\">\n\t\t\t\t\t\t\t\t\t\t\t\t\t<a href=\"https:\/\/audioblog.arteradio.com\/blog\/98891\/podcast\/133807\/les-savoirs-autochtones-des-biens-communs-face-a-la-privatisation-du-vivant-et-l-accaparement-des-terres\" target=\"_blank\">\n\t\t\t\t\t\t\t<img width=\"500\" height=\"500\" src=\"https:\/\/www.universitebiencommun.org\/wp-content\/uploads\/2021\/03\/artworks-000150223794-sb03ej-t500x500.jpg\" class=\"attachment-large size-large\" alt=\"\" loading=\"lazy\" srcset=\"https:\/\/www.universitebiencommun.org\/wp-content\/uploads\/2021\/03\/artworks-000150223794-sb03ej-t500x500.jpg 500w, https:\/\/www.universitebiencommun.org\/wp-content\/uploads\/2021\/03\/artworks-000150223794-sb03ej-t500x500-300x300.jpg 300w, https:\/\/www.universitebiencommun.org\/wp-content\/uploads\/2021\/03\/artworks-000150223794-sb03ej-t500x500-150x150.jpg 150w, https:\/\/www.universitebiencommun.org\/wp-content\/uploads\/2021\/03\/artworks-000150223794-sb03ej-t500x500-100x100.jpg 100w\" sizes=\"100vw\" \/>\t\t\t\t\t\t\t\t<\/a>\n\t\t\t\t\t\t\t\t\t\t\t\t\t\t<\/div>\n\t\t\t\t\t\t<\/div>\n\t\t\t\t<\/div>\n\t\t\t\t\t\t<\/div>\n\t\t\t\t\t<\/div>\n\t\t<\/div>\n\t\t\t\t<div class=\"elementor-column elementor-col-33 elementor-top-column elementor-element elementor-element-ef01a3d\" data-id=\"ef01a3d\" data-element_type=\"column\">\n\t\t\t<div class=\"elementor-column-wrap elementor-element-populated\">\n\t\t\t\t\t\t\t<div class=\"elementor-widget-wrap\">\n\t\t\t\t\t\t\t\t<\/div>\n\t\t\t\t\t<\/div>\n\t\t<\/div>\n\t\t\t\t\t\t\t\t<\/div>\n\t\t\t\t\t<\/div>\n\t\t<\/section>\n\t\t\t\t<section class=\"elementor-section elementor-top-section elementor-element elementor-element-cdb69ad elementor-section-boxed elementor-section-height-default elementor-section-height-default\" data-id=\"cdb69ad\" data-element_type=\"section\">\n\t\t\t\t\t\t<div class=\"elementor-container elementor-column-gap-default\">\n\t\t\t\t\t\t\t<div class=\"elementor-row\">\n\t\t\t\t\t<div class=\"elementor-column elementor-col-25 elementor-top-column elementor-element elementor-element-4e2291b\" data-id=\"4e2291b\" data-element_type=\"column\">\n\t\t\t<div class=\"elementor-column-wrap elementor-element-populated\">\n\t\t\t\t\t\t\t<div class=\"elementor-widget-wrap\">\n\t\t\t\t\t\t<div class=\"elementor-element elementor-element-461a818 elementor-widget elementor-widget-heading\" data-id=\"461a818\" data-element_type=\"widget\" data-widget_type=\"heading.default\">\n\t\t\t\t<div class=\"elementor-widget-container\">\n\t\t\t<h2 class=\"elementor-heading-title elementor-size-default\">- 14\/10\/2017 : BIENS COMMUNS : Quelle histoire !!<\/h2>\t\t<\/div>\n\t\t\t\t<\/div>\n\t\t\t\t\t\t<\/div>\n\t\t\t\t\t<\/div>\n\t\t<\/div>\n\t\t\t\t<div class=\"elementor-column elementor-col-25 elementor-top-column elementor-element elementor-element-81f3231\" data-id=\"81f3231\" data-element_type=\"column\">\n\t\t\t<div class=\"elementor-column-wrap elementor-element-populated\">\n\t\t\t\t\t\t\t<div class=\"elementor-widget-wrap\">\n\t\t\t\t\t\t<div class=\"elementor-element elementor-element-d9190a3 elementor-widget elementor-widget-image\" data-id=\"d9190a3\" data-element_type=\"widget\" data-widget_type=\"image.default\">\n\t\t\t\t<div class=\"elementor-widget-container\">\n\t\t\t\t\t\t\t\t<div class=\"elementor-image\">\n\t\t\t\t\t\t\t\t\t\t\t\t\t<a href=\"https:\/\/audioblog.arteradio.com\/blog\/98891\/podcast\/125876\/1-2-biens-communs-quelle-histoire\" target=\"_blank\">\n\t\t\t\t\t\t\t<img width=\"500\" height=\"500\" src=\"https:\/\/www.universitebiencommun.org\/wp-content\/uploads\/2021\/03\/artworks-000150223794-sb03ej-t500x500.jpg\" class=\"attachment-large size-large\" alt=\"\" loading=\"lazy\" srcset=\"https:\/\/www.universitebiencommun.org\/wp-content\/uploads\/2021\/03\/artworks-000150223794-sb03ej-t500x500.jpg 500w, https:\/\/www.universitebiencommun.org\/wp-content\/uploads\/2021\/03\/artworks-000150223794-sb03ej-t500x500-300x300.jpg 300w, https:\/\/www.universitebiencommun.org\/wp-content\/uploads\/2021\/03\/artworks-000150223794-sb03ej-t500x500-150x150.jpg 150w, https:\/\/www.universitebiencommun.org\/wp-content\/uploads\/2021\/03\/artworks-000150223794-sb03ej-t500x500-100x100.jpg 100w\" sizes=\"100vw\" \/>\t\t\t\t\t\t\t\t<\/a>\n\t\t\t\t\t\t\t\t\t\t\t\t\t\t<\/div>\n\t\t\t\t\t\t<\/div>\n\t\t\t\t<\/div>\n\t\t\t\t<div class=\"elementor-element elementor-element-c7e6c33 elementor-widget elementor-widget-text-editor\" data-id=\"c7e6c33\" data-element_type=\"widget\" data-widget_type=\"text-editor.default\">\n\t\t\t\t<div class=\"elementor-widget-container\">\n\t\t\t\t\t\t\t\t<div class=\"elementor-text-editor elementor-clearfix\">\n\t\t\t\t<p>Partie 1<\/p>\t\t\t\t\t<\/div>\n\t\t\t\t\t\t<\/div>\n\t\t\t\t<\/div>\n\t\t\t\t\t\t<\/div>\n\t\t\t\t\t<\/div>\n\t\t<\/div>\n\t\t\t\t<div class=\"elementor-column elementor-col-25 elementor-top-column elementor-element elementor-element-26d0c07\" data-id=\"26d0c07\" data-element_type=\"column\">\n\t\t\t<div class=\"elementor-column-wrap elementor-element-populated\">\n\t\t\t\t\t\t\t<div class=\"elementor-widget-wrap\">\n\t\t\t\t\t\t<div class=\"elementor-element elementor-element-a6565c8 elementor-widget elementor-widget-image\" data-id=\"a6565c8\" data-element_type=\"widget\" data-widget_type=\"image.default\">\n\t\t\t\t<div class=\"elementor-widget-container\">\n\t\t\t\t\t\t\t\t<div class=\"elementor-image\">\n\t\t\t\t\t\t\t\t\t\t\t\t\t<a href=\"https:\/\/audioblog.arteradio.com\/blog\/98891\/podcast\/133732\/2-2-biens-communs-quelle-histoire\" target=\"_blank\">\n\t\t\t\t\t\t\t<img width=\"500\" height=\"500\" src=\"https:\/\/www.universitebiencommun.org\/wp-content\/uploads\/2021\/03\/artworks-000150223794-sb03ej-t500x500.jpg\" class=\"attachment-large size-large\" alt=\"\" loading=\"lazy\" srcset=\"https:\/\/www.universitebiencommun.org\/wp-content\/uploads\/2021\/03\/artworks-000150223794-sb03ej-t500x500.jpg 500w, https:\/\/www.universitebiencommun.org\/wp-content\/uploads\/2021\/03\/artworks-000150223794-sb03ej-t500x500-300x300.jpg 300w, https:\/\/www.universitebiencommun.org\/wp-content\/uploads\/2021\/03\/artworks-000150223794-sb03ej-t500x500-150x150.jpg 150w, https:\/\/www.universitebiencommun.org\/wp-content\/uploads\/2021\/03\/artworks-000150223794-sb03ej-t500x500-100x100.jpg 100w\" sizes=\"100vw\" \/>\t\t\t\t\t\t\t\t<\/a>\n\t\t\t\t\t\t\t\t\t\t\t\t\t\t<\/div>\n\t\t\t\t\t\t<\/div>\n\t\t\t\t<\/div>\n\t\t\t\t<div class=\"elementor-element elementor-element-39329b7 elementor-widget elementor-widget-text-editor\" data-id=\"39329b7\" data-element_type=\"widget\" data-widget_type=\"text-editor.default\">\n\t\t\t\t<div class=\"elementor-widget-container\">\n\t\t\t\t\t\t\t\t<div class=\"elementor-text-editor elementor-clearfix\">\n\t\t\t\t<p>Partie 2<\/p>\t\t\t\t\t<\/div>\n\t\t\t\t\t\t<\/div>\n\t\t\t\t<\/div>\n\t\t\t\t\t\t<\/div>\n\t\t\t\t\t<\/div>\n\t\t<\/div>\n\t\t\t\t<div class=\"elementor-column elementor-col-25 elementor-top-column elementor-element elementor-element-660b63f\" data-id=\"660b63f\" data-element_type=\"column\">\n\t\t\t<div class=\"elementor-column-wrap elementor-element-populated\">\n\t\t\t\t\t\t\t<div class=\"elementor-widget-wrap\">\n\t\t\t\t\t\t\t\t<\/div>\n\t\t\t\t\t<\/div>\n\t\t<\/div>\n\t\t\t\t\t\t\t\t<\/div>\n\t\t\t\t\t<\/div>\n\t\t<\/section>\n\t\t\t\t<section class=\"elementor-section elementor-top-section elementor-element elementor-element-9566465 elementor-section-boxed elementor-section-height-default elementor-section-height-default\" data-id=\"9566465\" data-element_type=\"section\">\n\t\t\t\t\t\t<div class=\"elementor-container elementor-column-gap-default\">\n\t\t\t\t\t\t\t<div class=\"elementor-row\">\n\t\t\t\t\t<div class=\"elementor-column elementor-col-25 elementor-top-column elementor-element elementor-element-47c6689\" data-id=\"47c6689\" data-element_type=\"column\">\n\t\t\t<div class=\"elementor-column-wrap elementor-element-populated\">\n\t\t\t\t\t\t\t<div class=\"elementor-widget-wrap\">\n\t\t\t\t\t\t<div class=\"elementor-element elementor-element-1f33539 elementor-widget elementor-widget-heading\" data-id=\"1f33539\" data-element_type=\"widget\" data-widget_type=\"heading.default\">\n\t\t\t\t<div class=\"elementor-widget-container\">\n\t\t\t<h2 class=\"elementor-heading-title elementor-size-default\">- 11\/11\/2017 : L\u2019EAU : Un droit \u00e0 la vie! Vers un bien commun mondial?<\/h2>\t\t<\/div>\n\t\t\t\t<\/div>\n\t\t\t\t\t\t<\/div>\n\t\t\t\t\t<\/div>\n\t\t<\/div>\n\t\t\t\t<div class=\"elementor-column elementor-col-25 elementor-top-column elementor-element elementor-element-19347a8\" data-id=\"19347a8\" data-element_type=\"column\">\n\t\t\t<div class=\"elementor-column-wrap elementor-element-populated\">\n\t\t\t\t\t\t\t<div class=\"elementor-widget-wrap\">\n\t\t\t\t\t\t<div class=\"elementor-element elementor-element-fd5a9bf elementor-widget elementor-widget-image\" data-id=\"fd5a9bf\" data-element_type=\"widget\" data-widget_type=\"image.default\">\n\t\t\t\t<div class=\"elementor-widget-container\">\n\t\t\t\t\t\t\t\t<div class=\"elementor-image\">\n\t\t\t\t\t\t\t\t\t\t\t\t\t<a href=\"https:\/\/audioblog.arteradio.com\/blog\/98891\/podcast\/132223\/1-2-l-eau-un-droit-a-la-vie-vers-un-bien-commun-mondial\" target=\"_blank\">\n\t\t\t\t\t\t\t<img width=\"500\" height=\"500\" src=\"https:\/\/www.universitebiencommun.org\/wp-content\/uploads\/2021\/03\/artworks-000150223794-sb03ej-t500x500.jpg\" class=\"attachment-large size-large\" alt=\"\" loading=\"lazy\" srcset=\"https:\/\/www.universitebiencommun.org\/wp-content\/uploads\/2021\/03\/artworks-000150223794-sb03ej-t500x500.jpg 500w, https:\/\/www.universitebiencommun.org\/wp-content\/uploads\/2021\/03\/artworks-000150223794-sb03ej-t500x500-300x300.jpg 300w, https:\/\/www.universitebiencommun.org\/wp-content\/uploads\/2021\/03\/artworks-000150223794-sb03ej-t500x500-150x150.jpg 150w, https:\/\/www.universitebiencommun.org\/wp-content\/uploads\/2021\/03\/artworks-000150223794-sb03ej-t500x500-100x100.jpg 100w\" sizes=\"100vw\" \/>\t\t\t\t\t\t\t\t<\/a>\n\t\t\t\t\t\t\t\t\t\t\t\t\t\t<\/div>\n\t\t\t\t\t\t<\/div>\n\t\t\t\t<\/div>\n\t\t\t\t<div class=\"elementor-element elementor-element-480b835 elementor-widget elementor-widget-text-editor\" data-id=\"480b835\" data-element_type=\"widget\" data-widget_type=\"text-editor.default\">\n\t\t\t\t<div class=\"elementor-widget-container\">\n\t\t\t\t\t\t\t\t<div class=\"elementor-text-editor elementor-clearfix\">\n\t\t\t\t<p>Partie 1<\/p>\t\t\t\t\t<\/div>\n\t\t\t\t\t\t<\/div>\n\t\t\t\t<\/div>\n\t\t\t\t\t\t<\/div>\n\t\t\t\t\t<\/div>\n\t\t<\/div>\n\t\t\t\t<div class=\"elementor-column elementor-col-25 elementor-top-column elementor-element elementor-element-f7f4168\" data-id=\"f7f4168\" data-element_type=\"column\">\n\t\t\t<div class=\"elementor-column-wrap elementor-element-populated\">\n\t\t\t\t\t\t\t<div class=\"elementor-widget-wrap\">\n\t\t\t\t\t\t<div class=\"elementor-element elementor-element-714d0b9 elementor-widget elementor-widget-image\" data-id=\"714d0b9\" data-element_type=\"widget\" data-widget_type=\"image.default\">\n\t\t\t\t<div class=\"elementor-widget-container\">\n\t\t\t\t\t\t\t\t<div class=\"elementor-image\">\n\t\t\t\t\t\t\t\t\t\t\t\t\t<a href=\"https:\/\/audioblog.arteradio.com\/blog\/98891\/podcast\/129480\/2-2-l-eau-un-droit-a-la-vie-vers-un-bien-commun-mondial\" target=\"_blank\">\n\t\t\t\t\t\t\t<img width=\"500\" height=\"500\" src=\"https:\/\/www.universitebiencommun.org\/wp-content\/uploads\/2021\/03\/artworks-000150223794-sb03ej-t500x500.jpg\" class=\"attachment-large size-large\" alt=\"\" loading=\"lazy\" srcset=\"https:\/\/www.universitebiencommun.org\/wp-content\/uploads\/2021\/03\/artworks-000150223794-sb03ej-t500x500.jpg 500w, https:\/\/www.universitebiencommun.org\/wp-content\/uploads\/2021\/03\/artworks-000150223794-sb03ej-t500x500-300x300.jpg 300w, https:\/\/www.universitebiencommun.org\/wp-content\/uploads\/2021\/03\/artworks-000150223794-sb03ej-t500x500-150x150.jpg 150w, https:\/\/www.universitebiencommun.org\/wp-content\/uploads\/2021\/03\/artworks-000150223794-sb03ej-t500x500-100x100.jpg 100w\" sizes=\"100vw\" \/>\t\t\t\t\t\t\t\t<\/a>\n\t\t\t\t\t\t\t\t\t\t\t\t\t\t<\/div>\n\t\t\t\t\t\t<\/div>\n\t\t\t\t<\/div>\n\t\t\t\t<div class=\"elementor-element elementor-element-80dcbc0 elementor-widget elementor-widget-text-editor\" data-id=\"80dcbc0\" data-element_type=\"widget\" data-widget_type=\"text-editor.default\">\n\t\t\t\t<div class=\"elementor-widget-container\">\n\t\t\t\t\t\t\t\t<div class=\"elementor-text-editor elementor-clearfix\">\n\t\t\t\t<p>Partie 2<\/p>\t\t\t\t\t<\/div>\n\t\t\t\t\t\t<\/div>\n\t\t\t\t<\/div>\n\t\t\t\t\t\t<\/div>\n\t\t\t\t\t<\/div>\n\t\t<\/div>\n\t\t\t\t<div class=\"elementor-column elementor-col-25 elementor-top-column elementor-element elementor-element-494a657\" data-id=\"494a657\" data-element_type=\"column\">\n\t\t\t<div class=\"elementor-column-wrap elementor-element-populated\">\n\t\t\t\t\t\t\t<div class=\"elementor-widget-wrap\">\n\t\t\t\t\t\t\t\t<\/div>\n\t\t\t\t\t<\/div>\n\t\t<\/div>\n\t\t\t\t\t\t\t\t<\/div>\n\t\t\t\t\t<\/div>\n\t\t<\/section>\n\t\t\t\t<section class=\"elementor-section elementor-top-section elementor-element elementor-element-03624e7 elementor-section-boxed elementor-section-height-default elementor-section-height-default\" data-id=\"03624e7\" data-element_type=\"section\">\n\t\t\t\t\t\t<div class=\"elementor-container elementor-column-gap-default\">\n\t\t\t\t\t\t\t<div class=\"elementor-row\">\n\t\t\t\t\t<div class=\"elementor-column elementor-col-33 elementor-top-column elementor-element elementor-element-8d43679\" data-id=\"8d43679\" data-element_type=\"column\">\n\t\t\t<div class=\"elementor-column-wrap elementor-element-populated\">\n\t\t\t\t\t\t\t<div class=\"elementor-widget-wrap\">\n\t\t\t\t\t\t<div class=\"elementor-element elementor-element-509147b elementor-widget elementor-widget-heading\" data-id=\"509147b\" data-element_type=\"widget\" data-widget_type=\"heading.default\">\n\t\t\t\t<div class=\"elementor-widget-container\">\n\t\t\t<h2 class=\"elementor-heading-title elementor-size-default\">- 02\/12\/2017 : BIEN COMMUN \/BIENS COMMUNS : Quelles alternatives aux mod\u00e8les socio-\u00e9conomiques dominants?<\/h2>\t\t<\/div>\n\t\t\t\t<\/div>\n\t\t\t\t\t\t<\/div>\n\t\t\t\t\t<\/div>\n\t\t<\/div>\n\t\t\t\t<div class=\"elementor-column elementor-col-33 elementor-top-column elementor-element elementor-element-1ab6538\" data-id=\"1ab6538\" data-element_type=\"column\">\n\t\t\t<div class=\"elementor-column-wrap elementor-element-populated\">\n\t\t\t\t\t\t\t<div class=\"elementor-widget-wrap\">\n\t\t\t\t\t\t<div class=\"elementor-element elementor-element-292686c elementor-widget elementor-widget-image\" data-id=\"292686c\" data-element_type=\"widget\" data-widget_type=\"image.default\">\n\t\t\t\t<div class=\"elementor-widget-container\">\n\t\t\t\t\t\t\t\t<div class=\"elementor-image\">\n\t\t\t\t\t\t\t\t\t\t\t\t\t<a href=\"https:\/\/audioblog.arteradio.com\/blog\/98891\/podcast\/133771\/bien-commun-biens-communs-quelles-alternatives-aux-modeles-socio-economiques-dominants\" target=\"_blank\">\n\t\t\t\t\t\t\t<img width=\"500\" height=\"500\" src=\"https:\/\/www.universitebiencommun.org\/wp-content\/uploads\/2021\/03\/artworks-000150223794-sb03ej-t500x500.jpg\" class=\"attachment-large size-large\" alt=\"\" loading=\"lazy\" srcset=\"https:\/\/www.universitebiencommun.org\/wp-content\/uploads\/2021\/03\/artworks-000150223794-sb03ej-t500x500.jpg 500w, https:\/\/www.universitebiencommun.org\/wp-content\/uploads\/2021\/03\/artworks-000150223794-sb03ej-t500x500-300x300.jpg 300w, https:\/\/www.universitebiencommun.org\/wp-content\/uploads\/2021\/03\/artworks-000150223794-sb03ej-t500x500-150x150.jpg 150w, https:\/\/www.universitebiencommun.org\/wp-content\/uploads\/2021\/03\/artworks-000150223794-sb03ej-t500x500-100x100.jpg 100w\" sizes=\"100vw\" \/>\t\t\t\t\t\t\t\t<\/a>\n\t\t\t\t\t\t\t\t\t\t\t\t\t\t<\/div>\n\t\t\t\t\t\t<\/div>\n\t\t\t\t<\/div>\n\t\t\t\t\t\t<\/div>\n\t\t\t\t\t<\/div>\n\t\t<\/div>\n\t\t\t\t<div class=\"elementor-column elementor-col-33 elementor-top-column elementor-element elementor-element-1b01945\" data-id=\"1b01945\" data-element_type=\"column\">\n\t\t\t<div class=\"elementor-column-wrap elementor-element-populated\">\n\t\t\t\t\t\t\t<div class=\"elementor-widget-wrap\">\n\t\t\t\t\t\t\t\t<\/div>\n\t\t\t\t\t<\/div>\n\t\t<\/div>\n\t\t\t\t\t\t\t\t<\/div>\n\t\t\t\t\t<\/div>\n\t\t<\/section>\n\t\t\t\t\t\t<\/div>\n\t\t\t\t\t\t<\/div>\n\t\t\t\t\t<\/div>\n\t\t","protected":false},"excerpt":{"rendered":"<p>Les cha\u00eenes audio et vid\u00e9os de l\u2019Universit\u00e9 du Bien Commun \u00e0 Paris Dans une volont\u00e9 de transmission, l\u2019UBC met \u00e0 disposition de tous l&rsquo;essentiel des enregistrements audio et vid\u00e9o de chacune des sessions organis\u00e9es. Les utilisateurs sont invit\u00e9s \u00e0 signer la charte de l&rsquo;Universit\u00e9 avant tout usage public. SONOTHEQUE Les ressources sonores pr\u00e9sent\u00e9es ici&nbsp;rassemblent les &hellip; <\/p>\n<p class=\"link-more\"><a href=\"https:\/\/www.universitebiencommun.org\/?page_id=50\" class=\"more-link\">Continuer la lecture<span class=\"screen-reader-text\"> de &laquo;&nbsp;MEDIAS&nbsp;&raquo;<\/span><\/a><\/p>\n","protected":false},"author":1,"featured_media":0,"parent":0,"menu_order":0,"comment_status":"closed","ping_status":"closed","template":"elementor_header_footer","meta":{"_mo_disable_npp":""},"yoast_head":"<!-- This site is optimized with the Yoast SEO plugin v17.7.1 - https:\/\/yoast.com\/wordpress\/plugins\/seo\/ -->\n<title>MEDIAS -<\/title>\n<meta name=\"robots\" content=\"index, follow, max-snippet:-1, max-image-preview:large, max-video-preview:-1\" \/>\n<link rel=\"canonical\" href=\"https:\/\/www.universitebiencommun.org\/?page_id=50\" \/>\n<meta property=\"og:locale\" content=\"fr_FR\" \/>\n<meta property=\"og:type\" content=\"article\" \/>\n<meta property=\"og:title\" content=\"MEDIAS -\" \/>\n<meta property=\"og:description\" content=\"Les cha\u00eenes audio et vid\u00e9os de l\u2019Universit\u00e9 du Bien Commun \u00e0 Paris Dans une volont\u00e9 de transmission, l\u2019UBC met \u00e0 disposition de tous l&rsquo;essentiel des enregistrements audio et vid\u00e9o de chacune des sessions organis\u00e9es. Les utilisateurs sont invit\u00e9s \u00e0 signer la charte de l&rsquo;Universit\u00e9 avant tout usage public. SONOTHEQUE Les ressources sonores pr\u00e9sent\u00e9es ici&nbsp;rassemblent les &hellip; Continuer la lecture de &laquo;&nbsp;MEDIAS&nbsp;&raquo;\" \/>\n<meta property=\"og:url\" content=\"https:\/\/www.universitebiencommun.org\/?page_id=50\" \/>\n<meta property=\"article:modified_time\" content=\"2022-04-20T11:00:23+00:00\" \/>\n<meta property=\"og:image\" content=\"http:\/\/www.universitebiencommun.org\/wp-content\/uploads\/2021\/03\/artworks-000150223794-sb03ej-t500x500.jpg\" \/>\n<meta name=\"twitter:card\" content=\"summary_large_image\" \/>\n<meta name=\"twitter:label1\" content=\"Dur\u00e9e de lecture estim\u00e9e\" \/>\n\t<meta name=\"twitter:data1\" content=\"6 minutes\" \/>\n<script type=\"application\/ld+json\" class=\"yoast-schema-graph\">{\"@context\":\"https:\/\/schema.org\",\"@graph\":[{\"@type\":\"WebSite\",\"@id\":\"https:\/\/www.universitebiencommun.org\/#website\",\"url\":\"https:\/\/www.universitebiencommun.org\/\",\"name\":\"\",\"description\":\"\",\"potentialAction\":[{\"@type\":\"SearchAction\",\"target\":{\"@type\":\"EntryPoint\",\"urlTemplate\":\"https:\/\/www.universitebiencommun.org\/?s={search_term_string}\"},\"query-input\":\"required name=search_term_string\"}],\"inLanguage\":\"fr-FR\"},{\"@type\":\"ImageObject\",\"@id\":\"https:\/\/www.universitebiencommun.org\/?page_id=50#primaryimage\",\"inLanguage\":\"fr-FR\",\"url\":\"http:\/\/www.universitebiencommun.org\/wp-content\/uploads\/2021\/03\/artworks-000150223794-sb03ej-t500x500.jpg\",\"contentUrl\":\"http:\/\/www.universitebiencommun.org\/wp-content\/uploads\/2021\/03\/artworks-000150223794-sb03ej-t500x500.jpg\"},{\"@type\":\"WebPage\",\"@id\":\"https:\/\/www.universitebiencommun.org\/?page_id=50#webpage\",\"url\":\"https:\/\/www.universitebiencommun.org\/?page_id=50\",\"name\":\"MEDIAS -\",\"isPartOf\":{\"@id\":\"https:\/\/www.universitebiencommun.org\/#website\"},\"primaryImageOfPage\":{\"@id\":\"https:\/\/www.universitebiencommun.org\/?page_id=50#primaryimage\"},\"datePublished\":\"2021-03-10T16:37:01+00:00\",\"dateModified\":\"2022-04-20T11:00:23+00:00\",\"breadcrumb\":{\"@id\":\"https:\/\/www.universitebiencommun.org\/?page_id=50#breadcrumb\"},\"inLanguage\":\"fr-FR\",\"potentialAction\":[{\"@type\":\"ReadAction\",\"target\":[\"https:\/\/www.universitebiencommun.org\/?page_id=50\"]}]},{\"@type\":\"BreadcrumbList\",\"@id\":\"https:\/\/www.universitebiencommun.org\/?page_id=50#breadcrumb\",\"itemListElement\":[{\"@type\":\"ListItem\",\"position\":1,\"name\":\"Accueil\",\"item\":\"https:\/\/www.universitebiencommun.org\/\"},{\"@type\":\"ListItem\",\"position\":2,\"name\":\"MEDIAS\"}]}]}<\/script>\n<!-- \/ Yoast SEO plugin. -->","yoast_head_json":{"title":"MEDIAS -","robots":{"index":"index","follow":"follow","max-snippet":"max-snippet:-1","max-image-preview":"max-image-preview:large","max-video-preview":"max-video-preview:-1"},"canonical":"https:\/\/www.universitebiencommun.org\/?page_id=50","og_locale":"fr_FR","og_type":"article","og_title":"MEDIAS -","og_description":"Les cha\u00eenes audio et vid\u00e9os de l\u2019Universit\u00e9 du Bien Commun \u00e0 Paris Dans une volont\u00e9 de transmission, l\u2019UBC met \u00e0 disposition de tous l&rsquo;essentiel des enregistrements audio et vid\u00e9o de chacune des sessions organis\u00e9es. Les utilisateurs sont invit\u00e9s \u00e0 signer la charte de l&rsquo;Universit\u00e9 avant tout usage public. SONOTHEQUE Les ressources sonores pr\u00e9sent\u00e9es ici&nbsp;rassemblent les &hellip; Continuer la lecture de &laquo;&nbsp;MEDIAS&nbsp;&raquo;","og_url":"https:\/\/www.universitebiencommun.org\/?page_id=50","article_modified_time":"2022-04-20T11:00:23+00:00","og_image":[{"url":"http:\/\/www.universitebiencommun.org\/wp-content\/uploads\/2021\/03\/artworks-000150223794-sb03ej-t500x500.jpg"}],"twitter_card":"summary_large_image","twitter_misc":{"Dur\u00e9e de lecture estim\u00e9e":"6 minutes"},"schema":{"@context":"https:\/\/schema.org","@graph":[{"@type":"WebSite","@id":"https:\/\/www.universitebiencommun.org\/#website","url":"https:\/\/www.universitebiencommun.org\/","name":"","description":"","potentialAction":[{"@type":"SearchAction","target":{"@type":"EntryPoint","urlTemplate":"https:\/\/www.universitebiencommun.org\/?s={search_term_string}"},"query-input":"required name=search_term_string"}],"inLanguage":"fr-FR"},{"@type":"ImageObject","@id":"https:\/\/www.universitebiencommun.org\/?page_id=50#primaryimage","inLanguage":"fr-FR","url":"http:\/\/www.universitebiencommun.org\/wp-content\/uploads\/2021\/03\/artworks-000150223794-sb03ej-t500x500.jpg","contentUrl":"http:\/\/www.universitebiencommun.org\/wp-content\/uploads\/2021\/03\/artworks-000150223794-sb03ej-t500x500.jpg"},{"@type":"WebPage","@id":"https:\/\/www.universitebiencommun.org\/?page_id=50#webpage","url":"https:\/\/www.universitebiencommun.org\/?page_id=50","name":"MEDIAS -","isPartOf":{"@id":"https:\/\/www.universitebiencommun.org\/#website"},"primaryImageOfPage":{"@id":"https:\/\/www.universitebiencommun.org\/?page_id=50#primaryimage"},"datePublished":"2021-03-10T16:37:01+00:00","dateModified":"2022-04-20T11:00:23+00:00","breadcrumb":{"@id":"https:\/\/www.universitebiencommun.org\/?page_id=50#breadcrumb"},"inLanguage":"fr-FR","potentialAction":[{"@type":"ReadAction","target":["https:\/\/www.universitebiencommun.org\/?page_id=50"]}]},{"@type":"BreadcrumbList","@id":"https:\/\/www.universitebiencommun.org\/?page_id=50#breadcrumb","itemListElement":[{"@type":"ListItem","position":1,"name":"Accueil","item":"https:\/\/www.universitebiencommun.org\/"},{"@type":"ListItem","position":2,"name":"MEDIAS"}]}]}},"_links":{"self":[{"href":"https:\/\/www.universitebiencommun.org\/index.php?rest_route=\/wp\/v2\/pages\/50"}],"collection":[{"href":"https:\/\/www.universitebiencommun.org\/index.php?rest_route=\/wp\/v2\/pages"}],"about":[{"href":"https:\/\/www.universitebiencommun.org\/index.php?rest_route=\/wp\/v2\/types\/page"}],"author":[{"embeddable":true,"href":"https:\/\/www.universitebiencommun.org\/index.php?rest_route=\/wp\/v2\/users\/1"}],"replies":[{"embeddable":true,"href":"https:\/\/www.universitebiencommun.org\/index.php?rest_route=%2Fwp%2Fv2%2Fcomments&post=50"}],"version-history":[{"count":111,"href":"https:\/\/www.universitebiencommun.org\/index.php?rest_route=\/wp\/v2\/pages\/50\/revisions"}],"predecessor-version":[{"id":1646,"href":"https:\/\/www.universitebiencommun.org\/index.php?rest_route=\/wp\/v2\/pages\/50\/revisions\/1646"}],"wp:attachment":[{"href":"https:\/\/www.universitebiencommun.org\/index.php?rest_route=%2Fwp%2Fv2%2Fmedia&parent=50"}],"curies":[{"name":"wp","href":"https:\/\/api.w.org\/{rel}","templated":true}]}}